{"id":613,"date":"2015-02-17T20:04:47","date_gmt":"2015-02-17T20:04:47","guid":{"rendered":"https:\/\/d.th-nuernberg.de\/re\/?post_type=jetpack-portfolio&#038;p=613"},"modified":"2023-10-02T08:53:16","modified_gmt":"2023-10-02T08:53:16","slug":"sejeti-festival-nicole-parankenings","status":"publish","type":"jetpack-portfolio","link":"https:\/\/d.th-nuernberg.de\/re\/portfolio\/sejeti-festival-nicole-parankenings\/","title":{"rendered":"SEJET\u00cd FESTIVAL \u2013 Nicole Parankenings"},"content":{"rendered":"<div>\n<p>\u201eSEJET\u00cd FESTIVAL Zwei Nationen, eine Leidenschaft, vereint an einem Ort. Deutschland und Tschechien \u2013 ein grenzenloses Musikfestival.<\/p>\n<\/div>\n<div>\n<p>Das SEJIT\u00cd FESTIVAL ist im Rahmen meiner Bachelorarbeit entstanden. Es ist ein Musikfestival, das zwei Nachbarl\u00e4nder und Kulturen einander n\u00e4herbringen soll. Hierf\u00fcr habe ich ein Raumkonzept entworfen und das Corporate Design. Nach meiner Bachelorarbeit geht es in die n\u00e4chste Phase, die Planung und Organisation des SEJIT\u00cd FESTIVALS, das ich sp\u00e4testens 2016 umsetzen m\u00f6chte. Lust bekommen? Dann werfen Sie doch gleich einen Blick auf: <a href=\"http:\/\/www.nicoleparakenings.de\/portfolio\/www.facebook.com\/sejitifestival\">www.facebook.com\/sejitifestival<\/a> \u2026\u201c <em>Nicole Parankenings<\/em><\/p>\n<\/div>\n<div><\/div>\n<p>Betreuer\/in: <a href=\"http:\/\/www.th-nuernberg.de\/seitenbaum\/fakultaeten\/design\/personen\/vitae\/prof-burkard-vetter\/page.html\" target=\"_blank\" rel=\"noopener\">Prof. Burkard Vetter,<\/a> <a href=\"http:\/\/www.th-nuernberg.de\/seitenbaum\/fakultaeten\/design\/personen\/vitae\/prof-christine-albert\/page.html\" target=\"_blank\" rel=\"noopener\">Prof. Christine Albert<\/a><br \/>\n<a href=\"http:\/\/www.nicoleparakenings.de\/\" target=\"_blank\" rel=\"noopener\">http:\/\/www.nicoleparakenings.de\/<\/a><\/p>\n<p>&nbsp;<\/p>\n<div id=\"attachment_614\" style=\"width: 966px\" class=\"wp-caption alignnone\"><a href=\"https:\/\/d.th-nuernberg.de\/re\/wp-content\/uploads\/sites\/6\/2015\/02\/SEJITI_FESTIVAL_Parakenings_Nicole3.png\"><img fetchpriority=\"high\" decoding=\"async\" aria-describedby=\"caption-attachment-614\" data-attachment-id=\"614\" data-permalink=\"https:\/\/d.th-nuernberg.de\/re\/portfolio\/sejeti-festival-nicole-parankenings\/sejiti_festival_parakenings_nicole3\/\" data-orig-file=\"https:\/\/d.th-nuernberg.de\/re\/wp-content\/uploads\/sites\/6\/2015\/02\/SEJITI_FESTIVAL_Parakenings_Nicole3.png\" data-orig-size=\"966,470\" data-comments-opened=\"1\" data-image-meta=\"{&quot;aperture&quot;:&quot;0&quot;,&quot;credit&quot;:&quot;&quot;,&quot;camera&quot;:&quot;&quot;,&quot;caption&quot;:&quot;&quot;,&quot;created_timestamp&quot;:&quot;0&quot;,&quot;copyright&quot;:&quot;&quot;,&quot;focal_length&quot;:&quot;0&quot;,&quot;iso&quot;:&quot;0&quot;,&quot;shutter_speed&quot;:&quot;0&quot;,&quot;title&quot;:&quot;&quot;,&quot;orientation&quot;:&quot;0&quot;}\" data-image-title=\"SEJITI_FESTIVAL_Parakenings_Nicole3\" data-image-description=\"\" data-image-caption=\"&lt;p&gt;CI + Logo Entwicklung&lt;\/p&gt;\n\" data-medium-file=\"https:\/\/d.th-nuernberg.de\/re\/wp-content\/uploads\/sites\/6\/2015\/02\/SEJITI_FESTIVAL_Parakenings_Nicole3.png\" data-large-file=\"https:\/\/d.th-nuernberg.de\/re\/wp-content\/uploads\/sites\/6\/2015\/02\/SEJITI_FESTIVAL_Parakenings_Nicole3.png\" class=\"size-full wp-image-614\" src=\"https:\/\/d.th-nuernberg.de\/re\/wp-content\/uploads\/sites\/6\/2015\/02\/SEJITI_FESTIVAL_Parakenings_Nicole3.png\" alt=\"CI + Logo Entwicklung\" width=\"966\" height=\"470\" \/><\/a><p id=\"caption-attachment-614\" class=\"wp-caption-text\">CI + Logo Entwicklung<\/p><\/div>\n<div id=\"attachment_616\" style=\"width: 736px\" class=\"wp-caption alignnone\"><a href=\"https:\/\/d.th-nuernberg.de\/re\/wp-content\/uploads\/sites\/6\/2015\/02\/SEJITI_FESTIVAL_Parakenings_Nicole21.png\"><img decoding=\"async\" aria-describedby=\"caption-attachment-616\" data-attachment-id=\"616\" data-permalink=\"https:\/\/d.th-nuernberg.de\/re\/portfolio\/sejeti-festival-nicole-parankenings\/sejiti_festival_parakenings_nicole2-2\/\" data-orig-file=\"https:\/\/d.th-nuernberg.de\/re\/wp-content\/uploads\/sites\/6\/2015\/02\/SEJITI_FESTIVAL_Parakenings_Nicole21.png\" data-orig-size=\"736,482\" data-comments-opened=\"0\" data-image-meta=\"{&quot;aperture&quot;:&quot;0&quot;,&quot;credit&quot;:&quot;&quot;,&quot;camera&quot;:&quot;&quot;,&quot;caption&quot;:&quot;&quot;,&quot;created_timestamp&quot;:&quot;0&quot;,&quot;copyright&quot;:&quot;&quot;,&quot;focal_length&quot;:&quot;0&quot;,&quot;iso&quot;:&quot;0&quot;,&quot;shutter_speed&quot;:&quot;0&quot;,&quot;title&quot;:&quot;&quot;,&quot;orientation&quot;:&quot;0&quot;}\" data-image-title=\"SEJITI_FESTIVAL_Parakenings_Nicole2\" data-image-description=\"\" data-image-caption=\"&lt;p&gt;Kommunikationsmittel&lt;\/p&gt;\n\" data-medium-file=\"https:\/\/d.th-nuernberg.de\/re\/wp-content\/uploads\/sites\/6\/2015\/02\/SEJITI_FESTIVAL_Parakenings_Nicole21.png\" data-large-file=\"https:\/\/d.th-nuernberg.de\/re\/wp-content\/uploads\/sites\/6\/2015\/02\/SEJITI_FESTIVAL_Parakenings_Nicole21.png\" class=\"size-full wp-image-616\" src=\"https:\/\/d.th-nuernberg.de\/re\/wp-content\/uploads\/sites\/6\/2015\/02\/SEJITI_FESTIVAL_Parakenings_Nicole21.png\" alt=\"Kommunikationsmittel\" width=\"736\" height=\"482\" \/><\/a><p id=\"caption-attachment-616\" class=\"wp-caption-text\">Kommunikationsmittel<\/p><\/div>\n<div id=\"attachment_617\" style=\"width: 1209px\" class=\"wp-caption alignnone\"><a href=\"https:\/\/d.th-nuernberg.de\/re\/wp-content\/uploads\/sites\/6\/2015\/02\/SEJITI_FESTIVAL_Parakenings_Nicole1.png\"><img decoding=\"async\" aria-describedby=\"caption-attachment-617\" data-attachment-id=\"617\" data-permalink=\"https:\/\/d.th-nuernberg.de\/re\/portfolio\/sejeti-festival-nicole-parankenings\/sejiti_festival_parakenings_nicole1\/\" data-orig-file=\"https:\/\/d.th-nuernberg.de\/re\/wp-content\/uploads\/sites\/6\/2015\/02\/SEJITI_FESTIVAL_Parakenings_Nicole1.png\" data-orig-size=\"1209,897\" data-comments-opened=\"1\" data-image-meta=\"{&quot;aperture&quot;:&quot;0&quot;,&quot;credit&quot;:&quot;&quot;,&quot;camera&quot;:&quot;&quot;,&quot;caption&quot;:&quot;&quot;,&quot;created_timestamp&quot;:&quot;0&quot;,&quot;copyright&quot;:&quot;&quot;,&quot;focal_length&quot;:&quot;0&quot;,&quot;iso&quot;:&quot;0&quot;,&quot;shutter_speed&quot;:&quot;0&quot;,&quot;title&quot;:&quot;&quot;,&quot;orientation&quot;:&quot;0&quot;}\" data-image-title=\"SEJITI_FESTIVAL_Parakenings_Nicole1\" data-image-description=\"\" data-image-caption=\"&lt;p&gt;Gestaltung von R\u00e4umen zur Verst\u00e4ndigung&lt;\/p&gt;\n\" data-medium-file=\"https:\/\/d.th-nuernberg.de\/re\/wp-content\/uploads\/sites\/6\/2015\/02\/SEJITI_FESTIVAL_Parakenings_Nicole1.png\" data-large-file=\"https:\/\/d.th-nuernberg.de\/re\/wp-content\/uploads\/sites\/6\/2015\/02\/SEJITI_FESTIVAL_Parakenings_Nicole1.png\" class=\"size-full wp-image-617\" src=\"https:\/\/d.th-nuernberg.de\/re\/wp-content\/uploads\/sites\/6\/2015\/02\/SEJITI_FESTIVAL_Parakenings_Nicole1.png\" alt=\"Gestaltung von R\u00e4umen zur Verst\u00e4ndigung\" width=\"1209\" height=\"897\" \/><\/a><p id=\"caption-attachment-617\" class=\"wp-caption-text\">Gestaltung von R\u00e4umen zur Verst\u00e4ndigung<\/p><\/div>\n","protected":false},"excerpt":{"rendered":"<p>\u201eSEJET\u00cd FESTIVAL Zwei Nationen, eine Leidenschaft, vereint an einem Ort. Deutschland und Tschechien \u2013 ein grenzenloses Musikfestival. Das SEJIT\u00cd FESTIVAL ist im Rahmen meiner Bachelorarbeit entstanden. Es ist ein Musikfestival, das zwei Nachbarl\u00e4nder und Kulturen einander n\u00e4herbringen soll. Hierf\u00fcr habe ich ein Raumkonzept entworfen und das Corporate Design. Nach meiner Bachelorarbeit geht es in die&hellip;<\/p>\n","protected":false},"author":5,"featured_media":616,"comment_status":"closed","ping_status":"open","template":"","format":"standard","meta":{"jetpack_post_was_ever_published":false,"footnotes":"","jetpack_publicize_message":"","jetpack_publicize_feature_enabled":true,"jetpack_social_post_already_shared":true,"jetpack_social_options":{"image_generator_settings":{"template":"highway","default_image_id":0,"font":"","enabled":false},"version":2}},"jetpack-portfolio-type":[24],"jetpack-portfolio-tag":[],"class_list":["post-613","jetpack-portfolio","type-jetpack-portfolio","status-publish","format-standard","has-post-thumbnail","hentry","jetpack-portfolio-type-ba","empty-entry-meta","portfolio-entry"],"jetpack_publicize_connections":[],"jetpack_sharing_enabled":true,"_links":{"self":[{"href":"https:\/\/d.th-nuernberg.de\/re\/wp-json\/wp\/v2\/jetpack-portfolio\/613","targetHints":{"allow":["GET"]}}],"collection":[{"href":"https:\/\/d.th-nuernberg.de\/re\/wp-json\/wp\/v2\/jetpack-portfolio"}],"about":[{"href":"https:\/\/d.th-nuernberg.de\/re\/wp-json\/wp\/v2\/types\/jetpack-portfolio"}],"author":[{"embeddable":true,"href":"https:\/\/d.th-nuernberg.de\/re\/wp-json\/wp\/v2\/users\/5"}],"replies":[{"embeddable":true,"href":"https:\/\/d.th-nuernberg.de\/re\/wp-json\/wp\/v2\/comments?post=613"}],"version-history":[{"count":1,"href":"https:\/\/d.th-nuernberg.de\/re\/wp-json\/wp\/v2\/jetpack-portfolio\/613\/revisions"}],"predecessor-version":[{"id":1608,"href":"https:\/\/d.th-nuernberg.de\/re\/wp-json\/wp\/v2\/jetpack-portfolio\/613\/revisions\/1608"}],"wp:featuredmedia":[{"embeddable":true,"href":"https:\/\/d.th-nuernberg.de\/re\/wp-json\/wp\/v2\/media\/616"}],"wp:attachment":[{"href":"https:\/\/d.th-nuernberg.de\/re\/wp-json\/wp\/v2\/media?parent=613"}],"wp:term":[{"taxonomy":"jetpack-portfolio-type","embeddable":true,"href":"https:\/\/d.th-nuernberg.de\/re\/wp-json\/wp\/v2\/jetpack-portfolio-type?post=613"},{"taxonomy":"jetpack-portfolio-tag","embeddable":true,"href":"https:\/\/d.th-nuernberg.de\/re\/wp-json\/wp\/v2\/jetpack-portfolio-tag?post=613"}],"curies":[{"name":"wp","href":"https:\/\/api.w.org\/{rel}","templated":true}]}}