{"id":305,"date":"2014-12-13T22:30:10","date_gmt":"2014-12-13T20:30:10","guid":{"rendered":"https:\/\/d.th-nuernberg.de\/re\/?post_type=jetpack-portfolio&#038;p=305"},"modified":"2016-09-18T14:47:10","modified_gmt":"2016-09-18T14:47:10","slug":"selbstportraet-im-raum","status":"publish","type":"jetpack-portfolio","link":"https:\/\/d.th-nuernberg.de\/re\/portfolio\/selbstportraet-im-raum\/","title":{"rendered":"Selbstportr\u00e4t im Raum"},"content":{"rendered":"<p>\u201eIch sehe mich\u201c \u2013 eine \u00dcbung zu Bild im Raum. In einer ausgew\u00e4hlten Umgebung, wird durch Positionierung und Abstrahierung ein Selbstportr\u00e4t inszeniert.<\/p>\n<div id=\"attachment_1237\" style=\"width: 958px\" class=\"wp-caption aligncenter\"><img fetchpriority=\"high\" decoding=\"async\" aria-describedby=\"caption-attachment-1237\" data-attachment-id=\"1237\" data-permalink=\"https:\/\/d.th-nuernberg.de\/re\/portfolio\/selbstportraet-im-raum\/stein_elisabeth_abgabe\/\" data-orig-file=\"https:\/\/d.th-nuernberg.de\/re\/wp-content\/uploads\/sites\/6\/2014\/12\/Stein_Elisabeth_Abgabe.png\" data-orig-size=\"958,742\" data-comments-opened=\"0\" data-image-meta=\"{&quot;aperture&quot;:&quot;0&quot;,&quot;credit&quot;:&quot;&quot;,&quot;camera&quot;:&quot;&quot;,&quot;caption&quot;:&quot;&quot;,&quot;created_timestamp&quot;:&quot;0&quot;,&quot;copyright&quot;:&quot;&quot;,&quot;focal_length&quot;:&quot;0&quot;,&quot;iso&quot;:&quot;0&quot;,&quot;shutter_speed&quot;:&quot;0&quot;,&quot;title&quot;:&quot;&quot;,&quot;orientation&quot;:&quot;0&quot;}\" data-image-title=\"stein_elisabeth_abgabe\" data-image-description=\"\" data-image-caption=\"&lt;p&gt;Elisabeth Stein&lt;\/p&gt;\n\" data-medium-file=\"https:\/\/d.th-nuernberg.de\/re\/wp-content\/uploads\/sites\/6\/2014\/12\/Stein_Elisabeth_Abgabe-300x232.png\" data-large-file=\"https:\/\/d.th-nuernberg.de\/re\/wp-content\/uploads\/sites\/6\/2014\/12\/Stein_Elisabeth_Abgabe.png\" class=\"size-full wp-image-1237\" src=\"https:\/\/d.th-nuernberg.de\/re\/wp-content\/uploads\/sites\/6\/2014\/12\/Stein_Elisabeth_Abgabe.png\" alt=\"Elisabeth Stein\" width=\"958\" height=\"742\" srcset=\"https:\/\/d.th-nuernberg.de\/re\/wp-content\/uploads\/sites\/6\/2014\/12\/Stein_Elisabeth_Abgabe.png 958w, https:\/\/d.th-nuernberg.de\/re\/wp-content\/uploads\/sites\/6\/2014\/12\/Stein_Elisabeth_Abgabe-300x232.png 300w, https:\/\/d.th-nuernberg.de\/re\/wp-content\/uploads\/sites\/6\/2014\/12\/Stein_Elisabeth_Abgabe-768x595.png 768w, https:\/\/d.th-nuernberg.de\/re\/wp-content\/uploads\/sites\/6\/2014\/12\/Stein_Elisabeth_Abgabe-340x263.png 340w, https:\/\/d.th-nuernberg.de\/re\/wp-content\/uploads\/sites\/6\/2014\/12\/Stein_Elisabeth_Abgabe-840x651.png 840w, https:\/\/d.th-nuernberg.de\/re\/wp-content\/uploads\/sites\/6\/2014\/12\/Stein_Elisabeth_Abgabe-232x180.png 232w\" sizes=\"(max-width: 958px) 100vw, 958px\" \/><p id=\"caption-attachment-1237\" class=\"wp-caption-text\">Elisabeth Stein<\/p><\/div>\n<div id=\"attachment_1236\" style=\"width: 998px\" class=\"wp-caption aligncenter\"><img decoding=\"async\" aria-describedby=\"caption-attachment-1236\" data-attachment-id=\"1236\" data-permalink=\"https:\/\/d.th-nuernberg.de\/re\/portfolio\/selbstportraet-im-raum\/kratzer_marco\/\" data-orig-file=\"https:\/\/d.th-nuernberg.de\/re\/wp-content\/uploads\/sites\/6\/2014\/12\/kratzer_marco.png\" data-orig-size=\"998,688\" data-comments-opened=\"0\" data-image-meta=\"{&quot;aperture&quot;:&quot;0&quot;,&quot;credit&quot;:&quot;&quot;,&quot;camera&quot;:&quot;&quot;,&quot;caption&quot;:&quot;&quot;,&quot;created_timestamp&quot;:&quot;0&quot;,&quot;copyright&quot;:&quot;&quot;,&quot;focal_length&quot;:&quot;0&quot;,&quot;iso&quot;:&quot;0&quot;,&quot;shutter_speed&quot;:&quot;0&quot;,&quot;title&quot;:&quot;&quot;,&quot;orientation&quot;:&quot;0&quot;}\" data-image-title=\"kratzer_marco\" data-image-description=\"\" data-image-caption=\"&lt;p&gt;Marco Kratzer&lt;\/p&gt;\n\" data-medium-file=\"https:\/\/d.th-nuernberg.de\/re\/wp-content\/uploads\/sites\/6\/2014\/12\/kratzer_marco-300x207.png\" data-large-file=\"https:\/\/d.th-nuernberg.de\/re\/wp-content\/uploads\/sites\/6\/2014\/12\/kratzer_marco.png\" class=\"size-full wp-image-1236\" src=\"https:\/\/d.th-nuernberg.de\/re\/wp-content\/uploads\/sites\/6\/2014\/12\/kratzer_marco.png\" alt=\"Marco Kratzer\" width=\"998\" height=\"688\" srcset=\"https:\/\/d.th-nuernberg.de\/re\/wp-content\/uploads\/sites\/6\/2014\/12\/kratzer_marco.png 998w, https:\/\/d.th-nuernberg.de\/re\/wp-content\/uploads\/sites\/6\/2014\/12\/kratzer_marco-300x207.png 300w, https:\/\/d.th-nuernberg.de\/re\/wp-content\/uploads\/sites\/6\/2014\/12\/kratzer_marco-768x529.png 768w, https:\/\/d.th-nuernberg.de\/re\/wp-content\/uploads\/sites\/6\/2014\/12\/kratzer_marco-340x234.png 340w, https:\/\/d.th-nuernberg.de\/re\/wp-content\/uploads\/sites\/6\/2014\/12\/kratzer_marco-840x579.png 840w, https:\/\/d.th-nuernberg.de\/re\/wp-content\/uploads\/sites\/6\/2014\/12\/kratzer_marco-261x180.png 261w\" sizes=\"(max-width: 998px) 100vw, 998px\" \/><p id=\"caption-attachment-1236\" class=\"wp-caption-text\">Marco Kratzer<\/p><\/div>\n<div id=\"attachment_1150\" style=\"width: 1274px\" class=\"wp-caption alignleft\"><img decoding=\"async\" aria-describedby=\"caption-attachment-1150\" data-attachment-id=\"1150\" data-permalink=\"https:\/\/d.th-nuernberg.de\/re\/portfolio\/selbstportraet-im-raum\/frauendorfer_eva_ba1\/\" data-orig-file=\"https:\/\/d.th-nuernberg.de\/re\/wp-content\/uploads\/sites\/6\/2014\/12\/Frauendorfer_Eva_BA1.jpg\" data-orig-size=\"1274,867\" data-comments-opened=\"0\" data-image-meta=\"{&quot;aperture&quot;:&quot;0&quot;,&quot;credit&quot;:&quot;&quot;,&quot;camera&quot;:&quot;&quot;,&quot;caption&quot;:&quot;&quot;,&quot;created_timestamp&quot;:&quot;0&quot;,&quot;copyright&quot;:&quot;&quot;,&quot;focal_length&quot;:&quot;0&quot;,&quot;iso&quot;:&quot;0&quot;,&quot;shutter_speed&quot;:&quot;0&quot;,&quot;title&quot;:&quot;&quot;,&quot;orientation&quot;:&quot;1&quot;}\" data-image-title=\"Frauendorfer_Eva_BA1\" data-image-description=\"\" data-image-caption=\"&lt;p&gt;Eva Frauendorfer&lt;\/p&gt;\n\" data-medium-file=\"https:\/\/d.th-nuernberg.de\/re\/wp-content\/uploads\/sites\/6\/2014\/12\/Frauendorfer_Eva_BA1-300x204.jpg\" data-large-file=\"https:\/\/d.th-nuernberg.de\/re\/wp-content\/uploads\/sites\/6\/2014\/12\/Frauendorfer_Eva_BA1-1024x697.jpg\" class=\"size-full wp-image-1150\" src=\"https:\/\/d.th-nuernberg.de\/re\/wp-content\/uploads\/sites\/6\/2014\/12\/Frauendorfer_Eva_BA1.jpg\" alt=\"Eva Frauendorfer\" width=\"1274\" height=\"867\" srcset=\"https:\/\/d.th-nuernberg.de\/re\/wp-content\/uploads\/sites\/6\/2014\/12\/Frauendorfer_Eva_BA1.jpg 1274w, https:\/\/d.th-nuernberg.de\/re\/wp-content\/uploads\/sites\/6\/2014\/12\/Frauendorfer_Eva_BA1-300x204.jpg 300w, https:\/\/d.th-nuernberg.de\/re\/wp-content\/uploads\/sites\/6\/2014\/12\/Frauendorfer_Eva_BA1-768x523.jpg 768w, https:\/\/d.th-nuernberg.de\/re\/wp-content\/uploads\/sites\/6\/2014\/12\/Frauendorfer_Eva_BA1-1024x697.jpg 1024w, https:\/\/d.th-nuernberg.de\/re\/wp-content\/uploads\/sites\/6\/2014\/12\/Frauendorfer_Eva_BA1-340x231.jpg 340w, https:\/\/d.th-nuernberg.de\/re\/wp-content\/uploads\/sites\/6\/2014\/12\/Frauendorfer_Eva_BA1-1100x749.jpg 1100w, https:\/\/d.th-nuernberg.de\/re\/wp-content\/uploads\/sites\/6\/2014\/12\/Frauendorfer_Eva_BA1-840x572.jpg 840w, https:\/\/d.th-nuernberg.de\/re\/wp-content\/uploads\/sites\/6\/2014\/12\/Frauendorfer_Eva_BA1-264x180.jpg 264w\" sizes=\"(max-width: 1274px) 100vw, 1274px\" \/><p id=\"caption-attachment-1150\" class=\"wp-caption-text\">Eva Frauendorfer<\/p><\/div>\n<div id=\"attachment_973\" style=\"width: 840px\" class=\"wp-caption alignnone\"><img loading=\"lazy\" decoding=\"async\" aria-describedby=\"caption-attachment-973\" data-attachment-id=\"973\" data-permalink=\"https:\/\/d.th-nuernberg.de\/re\/portfolio\/selbstportraet-im-raum\/sauerbrey_natalie-_ba1\/\" data-orig-file=\"https:\/\/d.th-nuernberg.de\/re\/wp-content\/uploads\/sites\/6\/2014\/12\/Sauerbrey_Natalie-_BA1.png\" data-orig-size=\"1118,767\" data-comments-opened=\"0\" data-image-meta=\"{&quot;aperture&quot;:&quot;0&quot;,&quot;credit&quot;:&quot;&quot;,&quot;camera&quot;:&quot;&quot;,&quot;caption&quot;:&quot;&quot;,&quot;created_timestamp&quot;:&quot;0&quot;,&quot;copyright&quot;:&quot;&quot;,&quot;focal_length&quot;:&quot;0&quot;,&quot;iso&quot;:&quot;0&quot;,&quot;shutter_speed&quot;:&quot;0&quot;,&quot;title&quot;:&quot;&quot;,&quot;orientation&quot;:&quot;0&quot;}\" data-image-title=\"Sauerbrey_Natalie _BA1\" data-image-description=\"\" data-image-caption=\"&lt;p&gt;Natalie Sauerbrey&lt;\/p&gt;\n\" data-medium-file=\"https:\/\/d.th-nuernberg.de\/re\/wp-content\/uploads\/sites\/6\/2014\/12\/Sauerbrey_Natalie-_BA1-300x206.png\" data-large-file=\"https:\/\/d.th-nuernberg.de\/re\/wp-content\/uploads\/sites\/6\/2014\/12\/Sauerbrey_Natalie-_BA1-1024x703.png\" class=\"size-image-full-width wp-image-973\" src=\"https:\/\/d.th-nuernberg.de\/re\/wp-content\/uploads\/sites\/6\/2014\/12\/Sauerbrey_Natalie-_BA1-1100x755.png\" alt=\"Natalie Sauerbrey\" width=\"840\" height=\"577\" srcset=\"https:\/\/d.th-nuernberg.de\/re\/wp-content\/uploads\/sites\/6\/2014\/12\/Sauerbrey_Natalie-_BA1-1100x755.png 1100w, https:\/\/d.th-nuernberg.de\/re\/wp-content\/uploads\/sites\/6\/2014\/12\/Sauerbrey_Natalie-_BA1-300x206.png 300w, https:\/\/d.th-nuernberg.de\/re\/wp-content\/uploads\/sites\/6\/2014\/12\/Sauerbrey_Natalie-_BA1-1024x703.png 1024w, https:\/\/d.th-nuernberg.de\/re\/wp-content\/uploads\/sites\/6\/2014\/12\/Sauerbrey_Natalie-_BA1-340x233.png 340w, https:\/\/d.th-nuernberg.de\/re\/wp-content\/uploads\/sites\/6\/2014\/12\/Sauerbrey_Natalie-_BA1-840x576.png 840w, https:\/\/d.th-nuernberg.de\/re\/wp-content\/uploads\/sites\/6\/2014\/12\/Sauerbrey_Natalie-_BA1-262x180.png 262w, https:\/\/d.th-nuernberg.de\/re\/wp-content\/uploads\/sites\/6\/2014\/12\/Sauerbrey_Natalie-_BA1.png 1118w\" sizes=\"(max-width: 840px) 100vw, 840px\" \/><p id=\"caption-attachment-973\" class=\"wp-caption-text\">Natalie Sauerbrey<\/p><\/div>\n<div id=\"attachment_309\" style=\"width: 671px\" class=\"wp-caption alignnone\"><a href=\"https:\/\/d.th-nuernberg.de\/re\/wp-content\/uploads\/sites\/6\/2014\/12\/Robert_Dabi.png\"><img loading=\"lazy\" decoding=\"async\" aria-describedby=\"caption-attachment-309\" data-attachment-id=\"309\" data-permalink=\"https:\/\/d.th-nuernberg.de\/re\/robert_dabi\/\" data-orig-file=\"https:\/\/d.th-nuernberg.de\/re\/wp-content\/uploads\/sites\/6\/2014\/12\/Robert_Dabi.png\" data-orig-size=\"671,492\" data-comments-opened=\"0\" data-image-meta=\"{&quot;aperture&quot;:&quot;0&quot;,&quot;credit&quot;:&quot;&quot;,&quot;camera&quot;:&quot;&quot;,&quot;caption&quot;:&quot;&quot;,&quot;created_timestamp&quot;:&quot;0&quot;,&quot;copyright&quot;:&quot;&quot;,&quot;focal_length&quot;:&quot;0&quot;,&quot;iso&quot;:&quot;0&quot;,&quot;shutter_speed&quot;:&quot;0&quot;,&quot;title&quot;:&quot;&quot;,&quot;orientation&quot;:&quot;0&quot;}\" data-image-title=\"Robert_Dabi\" data-image-description=\"\" data-image-caption=\"&lt;p&gt;Robert Dabi&lt;\/p&gt;\n\" data-medium-file=\"https:\/\/d.th-nuernberg.de\/re\/wp-content\/uploads\/sites\/6\/2014\/12\/Robert_Dabi.png\" data-large-file=\"https:\/\/d.th-nuernberg.de\/re\/wp-content\/uploads\/sites\/6\/2014\/12\/Robert_Dabi.png\" class=\"size-full wp-image-309\" src=\"https:\/\/d.th-nuernberg.de\/re\/wp-content\/uploads\/sites\/6\/2014\/12\/Robert_Dabi.png\" alt=\"Robert Dabi\" width=\"671\" height=\"492\" \/><\/a><p id=\"caption-attachment-309\" class=\"wp-caption-text\"><a href=\"http:\/\/www.souljade.com\" target=\"_blank\">Robert Dabi \u2013 www.souljade.com<\/a><\/p><\/div>\n<div id=\"attachment_498\" style=\"width: 611px\" class=\"wp-caption alignnone\"><a href=\"https:\/\/d.th-nuernberg.de\/re\/wp-content\/uploads\/sites\/6\/2014\/12\/Haffki_Heiko1.png\"><img loading=\"lazy\" decoding=\"async\" aria-describedby=\"caption-attachment-498\" data-attachment-id=\"498\" data-permalink=\"https:\/\/d.th-nuernberg.de\/re\/haffki_heiko-2\/\" data-orig-file=\"https:\/\/d.th-nuernberg.de\/re\/wp-content\/uploads\/sites\/6\/2014\/12\/Haffki_Heiko1.png\" data-orig-size=\"611,878\" data-comments-opened=\"0\" data-image-meta=\"{&quot;aperture&quot;:&quot;0&quot;,&quot;credit&quot;:&quot;&quot;,&quot;camera&quot;:&quot;&quot;,&quot;caption&quot;:&quot;&quot;,&quot;created_timestamp&quot;:&quot;0&quot;,&quot;copyright&quot;:&quot;&quot;,&quot;focal_length&quot;:&quot;0&quot;,&quot;iso&quot;:&quot;0&quot;,&quot;shutter_speed&quot;:&quot;0&quot;,&quot;title&quot;:&quot;&quot;,&quot;orientation&quot;:&quot;0&quot;}\" data-image-title=\"Haffki_Heiko\" data-image-description=\"\" data-image-caption=\"&lt;p&gt;Heiko Haffki&lt;\/p&gt;\n\" data-medium-file=\"https:\/\/d.th-nuernberg.de\/re\/wp-content\/uploads\/sites\/6\/2014\/12\/Haffki_Heiko1.png\" data-large-file=\"https:\/\/d.th-nuernberg.de\/re\/wp-content\/uploads\/sites\/6\/2014\/12\/Haffki_Heiko1.png\" class=\"size-full wp-image-498\" src=\"https:\/\/d.th-nuernberg.de\/re\/wp-content\/uploads\/sites\/6\/2014\/12\/Haffki_Heiko1.png\" alt=\"Heiko Haffki\" width=\"611\" height=\"878\" \/><\/a><p id=\"caption-attachment-498\" class=\"wp-caption-text\">Heiko Haffki<\/p><\/div>\n<div id=\"attachment_325\" style=\"width: 1232px\" class=\"wp-caption alignnone\"><a href=\"https:\/\/d.th-nuernberg.de\/re\/wp-content\/uploads\/sites\/6\/2014\/12\/Michael_Vorbrueggen.png\"><img loading=\"lazy\" decoding=\"async\" aria-describedby=\"caption-attachment-325\" data-attachment-id=\"325\" data-permalink=\"https:\/\/d.th-nuernberg.de\/re\/michael_vorbrueggen\/\" data-orig-file=\"https:\/\/d.th-nuernberg.de\/re\/wp-content\/uploads\/sites\/6\/2014\/12\/Michael_Vorbrueggen.png\" data-orig-size=\"1232,729\" data-comments-opened=\"0\" data-image-meta=\"{&quot;aperture&quot;:&quot;0&quot;,&quot;credit&quot;:&quot;&quot;,&quot;camera&quot;:&quot;&quot;,&quot;caption&quot;:&quot;&quot;,&quot;created_timestamp&quot;:&quot;0&quot;,&quot;copyright&quot;:&quot;&quot;,&quot;focal_length&quot;:&quot;0&quot;,&quot;iso&quot;:&quot;0&quot;,&quot;shutter_speed&quot;:&quot;0&quot;,&quot;title&quot;:&quot;&quot;,&quot;orientation&quot;:&quot;0&quot;}\" data-image-title=\"Michael_Vorbrueggen\" data-image-description=\"\" data-image-caption=\"&lt;p&gt;    Michael Vorbr\u00fcggen&lt;\/p&gt;\n\" data-medium-file=\"https:\/\/d.th-nuernberg.de\/re\/wp-content\/uploads\/sites\/6\/2014\/12\/Michael_Vorbrueggen.png\" data-large-file=\"https:\/\/d.th-nuernberg.de\/re\/wp-content\/uploads\/sites\/6\/2014\/12\/Michael_Vorbrueggen.png\" class=\"size-full wp-image-325\" src=\"https:\/\/d.th-nuernberg.de\/re\/wp-content\/uploads\/sites\/6\/2014\/12\/Michael_Vorbrueggen.png\" alt=\" Michael Vorbr\u00fcggen\" width=\"1232\" height=\"729\" \/><\/a><p id=\"caption-attachment-325\" class=\"wp-caption-text\">Michael Vorbr\u00fcggen<\/p><\/div>\n<div id=\"attachment_311\" style=\"width: 1067px\" class=\"wp-caption alignnone\"><a href=\"https:\/\/d.th-nuernberg.de\/re\/wp-content\/uploads\/sites\/6\/2014\/12\/Ilona_Hoppe.png\"><img loading=\"lazy\" decoding=\"async\" aria-describedby=\"caption-attachment-311\" data-attachment-id=\"311\" data-permalink=\"https:\/\/d.th-nuernberg.de\/re\/ilona_hoppe\/\" data-orig-file=\"https:\/\/d.th-nuernberg.de\/re\/wp-content\/uploads\/sites\/6\/2014\/12\/Ilona_Hoppe.png\" data-orig-size=\"1067,531\" data-comments-opened=\"0\" data-image-meta=\"{&quot;aperture&quot;:&quot;0&quot;,&quot;credit&quot;:&quot;&quot;,&quot;camera&quot;:&quot;&quot;,&quot;caption&quot;:&quot;&quot;,&quot;created_timestamp&quot;:&quot;0&quot;,&quot;copyright&quot;:&quot;&quot;,&quot;focal_length&quot;:&quot;0&quot;,&quot;iso&quot;:&quot;0&quot;,&quot;shutter_speed&quot;:&quot;0&quot;,&quot;title&quot;:&quot;&quot;,&quot;orientation&quot;:&quot;0&quot;}\" data-image-title=\"Ilona_Hoppe\" data-image-description=\"\" data-image-caption=\"&lt;p&gt;Ilona Hoppe&lt;\/p&gt;\n\" data-medium-file=\"https:\/\/d.th-nuernberg.de\/re\/wp-content\/uploads\/sites\/6\/2014\/12\/Ilona_Hoppe.png\" data-large-file=\"https:\/\/d.th-nuernberg.de\/re\/wp-content\/uploads\/sites\/6\/2014\/12\/Ilona_Hoppe.png\" class=\"size-full wp-image-311\" src=\"https:\/\/d.th-nuernberg.de\/re\/wp-content\/uploads\/sites\/6\/2014\/12\/Ilona_Hoppe.png\" alt=\"Ilona Hoppe\" width=\"1067\" height=\"531\" \/><\/a><p id=\"caption-attachment-311\" class=\"wp-caption-text\">Ilona Hoppe<\/p><\/div>\n<div id=\"attachment_497\" style=\"width: 1133px\" class=\"wp-caption alignnone\"><a href=\"https:\/\/d.th-nuernberg.de\/re\/wp-content\/uploads\/sites\/6\/2014\/12\/Lenard_Graf1.png\"><img loading=\"lazy\" decoding=\"async\" aria-describedby=\"caption-attachment-497\" data-attachment-id=\"497\" data-permalink=\"https:\/\/d.th-nuernberg.de\/re\/lenard_graf-3\/\" data-orig-file=\"https:\/\/d.th-nuernberg.de\/re\/wp-content\/uploads\/sites\/6\/2014\/12\/Lenard_Graf1.png\" data-orig-size=\"1133,525\" data-comments-opened=\"0\" data-image-meta=\"{&quot;aperture&quot;:&quot;0&quot;,&quot;credit&quot;:&quot;&quot;,&quot;camera&quot;:&quot;&quot;,&quot;caption&quot;:&quot;&quot;,&quot;created_timestamp&quot;:&quot;0&quot;,&quot;copyright&quot;:&quot;&quot;,&quot;focal_length&quot;:&quot;0&quot;,&quot;iso&quot;:&quot;0&quot;,&quot;shutter_speed&quot;:&quot;0&quot;,&quot;title&quot;:&quot;&quot;,&quot;orientation&quot;:&quot;0&quot;}\" data-image-title=\"Lenard_Graf\" data-image-description=\"\" data-image-caption=\"&lt;p&gt;GPS Portr\u00e4t \u2013 Lenard Graf&lt;\/p&gt;\n\" data-medium-file=\"https:\/\/d.th-nuernberg.de\/re\/wp-content\/uploads\/sites\/6\/2014\/12\/Lenard_Graf1.png\" data-large-file=\"https:\/\/d.th-nuernberg.de\/re\/wp-content\/uploads\/sites\/6\/2014\/12\/Lenard_Graf1.png\" class=\"size-full wp-image-497\" src=\"https:\/\/d.th-nuernberg.de\/re\/wp-content\/uploads\/sites\/6\/2014\/12\/Lenard_Graf1.png\" alt=\"GPS Portr\u00e4t \u2013 Lenard Graf\" width=\"1133\" height=\"525\" \/><\/a><p id=\"caption-attachment-497\" class=\"wp-caption-text\">GPS Portr\u00e4t \u2013 Lenard Graf<\/p><\/div>\n","protected":false},"excerpt":{"rendered":"<p>\u201eIch sehe mich\u201c \u2013 eine \u00dcbung zu Bild im Raum. In einer ausgew\u00e4hlten Umgebung, wird durch Positionierung und Abstrahierung ein Selbstportr\u00e4t inszeniert.<\/p>\n","protected":false},"author":1,"featured_media":1236,"comment_status":"closed","ping_status":"closed","template":"","format":"standard","meta":{"jetpack_post_was_ever_published":false,"footnotes":"","jetpack_publicize_message":"","jetpack_publicize_feature_enabled":true,"jetpack_social_post_already_shared":true,"jetpack_social_options":{"image_generator_settings":{"template":"highway","default_image_id":0,"font":"","enabled":false},"version":2}},"jetpack-portfolio-type":[13],"jetpack-portfolio-tag":[],"class_list":["post-305","jetpack-portfolio","type-jetpack-portfolio","status-publish","format-standard","has-post-thumbnail","hentry","jetpack-portfolio-type-1-sem","empty-entry-meta","portfolio-entry"],"jetpack_publicize_connections":[],"jetpack_sharing_enabled":true,"_links":{"self":[{"href":"https:\/\/d.th-nuernberg.de\/re\/wp-json\/wp\/v2\/jetpack-portfolio\/305","targetHints":{"allow":["GET"]}}],"collection":[{"href":"https:\/\/d.th-nuernberg.de\/re\/wp-json\/wp\/v2\/jetpack-portfolio"}],"about":[{"href":"https:\/\/d.th-nuernberg.de\/re\/wp-json\/wp\/v2\/types\/jetpack-portfolio"}],"author":[{"embeddable":true,"href":"https:\/\/d.th-nuernberg.de\/re\/wp-json\/wp\/v2\/users\/1"}],"replies":[{"embeddable":true,"href":"https:\/\/d.th-nuernberg.de\/re\/wp-json\/wp\/v2\/comments?post=305"}],"version-history":[{"count":1,"href":"https:\/\/d.th-nuernberg.de\/re\/wp-json\/wp\/v2\/jetpack-portfolio\/305\/revisions"}],"predecessor-version":[{"id":974,"href":"https:\/\/d.th-nuernberg.de\/re\/wp-json\/wp\/v2\/jetpack-portfolio\/305\/revisions\/974"}],"wp:featuredmedia":[{"embeddable":true,"href":"https:\/\/d.th-nuernberg.de\/re\/wp-json\/wp\/v2\/media\/1236"}],"wp:attachment":[{"href":"https:\/\/d.th-nuernberg.de\/re\/wp-json\/wp\/v2\/media?parent=305"}],"wp:term":[{"taxonomy":"jetpack-portfolio-type","embeddable":true,"href":"https:\/\/d.th-nuernberg.de\/re\/wp-json\/wp\/v2\/jetpack-portfolio-type?post=305"},{"taxonomy":"jetpack-portfolio-tag","embeddable":true,"href":"https:\/\/d.th-nuernberg.de\/re\/wp-json\/wp\/v2\/jetpack-portfolio-tag?post=305"}],"curies":[{"name":"wp","href":"https:\/\/api.w.org\/{rel}","templated":true}]}}