{"id":1272,"date":"2017-02-20T19:41:05","date_gmt":"2017-02-20T19:41:05","guid":{"rendered":"https:\/\/d.th-nuernberg.de\/re\/?post_type=jetpack-portfolio&#038;p=1272"},"modified":"2018-02-22T09:10:03","modified_gmt":"2018-02-22T09:10:03","slug":"magazin-releasparty-ii","status":"publish","type":"jetpack-portfolio","link":"https:\/\/d.th-nuernberg.de\/re\/portfolio\/magazin-releasparty-ii\/","title":{"rendered":"Magazin Releaseparty II"},"content":{"rendered":"<p><a href=\"http:\/\/nichtge.org\/\">\u201enicht georg\u201c<\/a> Magazin Release im <a href=\"http:\/\/www.cafemainheim.de\/\">Caf\u00e9 MAINHEIM<\/a><\/p>\n<p>Sarah Eigenseher, Christine Poplavski, Hanna Hodzic konnten ihre Kommilitoninen und die Fachschaft mit ihrem Konzept \u201eBack to Blank\u201c \u00fcberzeugen. Nach einer sechsw\u00f6chigen Entwicklungsphase, hatte alle Studierenden des 3. Semesters Raum- und Eventdesign ein \u00fcberzeugendes und umsetzbares Konzept f\u00fcr eine Releasparty f\u00fcr unser hauseigenes <a href=\"http:\/\/nichtge.org\/\">Illustrationsmagazin\u00a0\u201enicht georg\u201c <\/a>zu pr\u00e4sentieren.<\/p>\n<p>Die W\u00e4nde zu bemalen und damit extra pr\u00e4parierten Raum (<a href=\"http:\/\/www.cafemainheim.de\/\">das Caf\u00e9 MAINHEIM<\/a>) \u00fcber den Abend der Veranstaltung zu verwandeln, konnten sich alle gut vorstellen. Mit vereinten Kr\u00e4ften und einsatzbereiten Teams, wurde die Veranstaltung am 19.01.2017 ein \u201eausgeh:zeichneter\u201c Erfolg. Ausgehen und zeichnen kam sehr gut an.<\/p>\n<p><strong>Ganz besonderer Dank geht an:<\/strong> alle <em>Illustratoren\/innen<\/em> des Abends, das <em><a href=\"http:\/\/www.cafemainheim.de\/\">MAINHEIM-<\/a>Team und<\/em> die wunderbare Chefin, unsere Auf- und Abbau<em>unterst\u00fctzer,<\/em> unserer<em> Djan<\/em> Lena, unserem <em>T\u00fcrsteher<\/em> Max, alle <em>Fotografen<\/em> und <em>Filmer<\/em> des Abends, <a href=\"https:\/\/www.montana-cans.com\/\"><em>Montanta<\/em> Stifte!!! <\/a>f\u00fcr das Sponsoring + und nat\u00fcrlich das unglaubliche Raum- und Event-Team<a href=\"https:\/\/d.th-nuernberg.de\/\"> der Fakult\u00e4t Design.<\/a><\/p>\n<p>&nbsp;<\/p>\n<p>Tutorin: Hanna Hodzic<\/p>\n<p>Lehrbeauftragte: Pia Montag<\/p>\n<p>Betreuende Professorin: Christine Albert<\/p>\n<div id=\"attachment_1274\" style=\"width: 3024px\" class=\"wp-caption aligncenter\"><img fetchpriority=\"high\" decoding=\"async\" aria-describedby=\"caption-attachment-1274\" data-attachment-id=\"1274\" data-permalink=\"https:\/\/d.th-nuernberg.de\/re\/portfolio\/magazin-releasparty-ii\/img_5300\/\" data-orig-file=\"https:\/\/d.th-nuernberg.de\/re\/wp-content\/uploads\/sites\/6\/2017\/02\/IMG_5300.jpg\" data-orig-size=\"3024,4032\" data-comments-opened=\"0\" data-image-meta=\"{&quot;aperture&quot;:&quot;2.2&quot;,&quot;credit&quot;:&quot;&quot;,&quot;camera&quot;:&quot;iPhone SE&quot;,&quot;caption&quot;:&quot;&quot;,&quot;created_timestamp&quot;:&quot;1484926713&quot;,&quot;copyright&quot;:&quot;&quot;,&quot;focal_length&quot;:&quot;4.15&quot;,&quot;iso&quot;:&quot;200&quot;,&quot;shutter_speed&quot;:&quot;0.03030303030303&quot;,&quot;title&quot;:&quot;&quot;,&quot;orientation&quot;:&quot;1&quot;}\" data-image-title=\"IMG_5300\" data-image-description=\"\" data-image-caption=\"&lt;p&gt;Aufbau der noch wei\u00dfen Hocker. (Foto: Christine Albert)&lt;\/p&gt;\n\" data-medium-file=\"https:\/\/d.th-nuernberg.de\/re\/wp-content\/uploads\/sites\/6\/2017\/02\/IMG_5300-225x300.jpg\" data-large-file=\"https:\/\/d.th-nuernberg.de\/re\/wp-content\/uploads\/sites\/6\/2017\/02\/IMG_5300-768x1024.jpg\" class=\"size-full wp-image-1274\" src=\"https:\/\/d.th-nuernberg.de\/re\/wp-content\/uploads\/sites\/6\/2017\/02\/IMG_5300.jpg\" alt=\"\" width=\"3024\" height=\"4032\" srcset=\"https:\/\/d.th-nuernberg.de\/re\/wp-content\/uploads\/sites\/6\/2017\/02\/IMG_5300.jpg 3024w, https:\/\/d.th-nuernberg.de\/re\/wp-content\/uploads\/sites\/6\/2017\/02\/IMG_5300-225x300.jpg 225w, https:\/\/d.th-nuernberg.de\/re\/wp-content\/uploads\/sites\/6\/2017\/02\/IMG_5300-768x1024.jpg 768w, https:\/\/d.th-nuernberg.de\/re\/wp-content\/uploads\/sites\/6\/2017\/02\/IMG_5300-340x453.jpg 340w, https:\/\/d.th-nuernberg.de\/re\/wp-content\/uploads\/sites\/6\/2017\/02\/IMG_5300-1100x1467.jpg 1100w, https:\/\/d.th-nuernberg.de\/re\/wp-content\/uploads\/sites\/6\/2017\/02\/IMG_5300-840x1120.jpg 840w, https:\/\/d.th-nuernberg.de\/re\/wp-content\/uploads\/sites\/6\/2017\/02\/IMG_5300-135x180.jpg 135w\" sizes=\"(max-width: 3024px) 100vw, 3024px\" \/><p id=\"caption-attachment-1274\" class=\"wp-caption-text\">Aufbau der noch wei\u00dfen Hocker. (Foto: Christine Albert)<\/p><\/div>\n<div id=\"attachment_1277\" style=\"width: 4032px\" class=\"wp-caption aligncenter\"><img decoding=\"async\" aria-describedby=\"caption-attachment-1277\" data-attachment-id=\"1277\" data-permalink=\"https:\/\/d.th-nuernberg.de\/re\/portfolio\/magazin-releasparty-ii\/img_5319\/\" data-orig-file=\"https:\/\/d.th-nuernberg.de\/re\/wp-content\/uploads\/sites\/6\/2017\/02\/IMG_5319.jpg\" data-orig-size=\"4032,3024\" data-comments-opened=\"0\" data-image-meta=\"{&quot;aperture&quot;:&quot;2.2&quot;,&quot;credit&quot;:&quot;&quot;,&quot;camera&quot;:&quot;iPhone SE&quot;,&quot;caption&quot;:&quot;&quot;,&quot;created_timestamp&quot;:&quot;1484930737&quot;,&quot;copyright&quot;:&quot;&quot;,&quot;focal_length&quot;:&quot;4.15&quot;,&quot;iso&quot;:&quot;125&quot;,&quot;shutter_speed&quot;:&quot;0.03030303030303&quot;,&quot;title&quot;:&quot;&quot;,&quot;orientation&quot;:&quot;1&quot;}\" data-image-title=\"IMG_5319\" data-image-description=\"\" data-image-caption=\"&lt;p&gt;    Der Gastraum wird zur Zeichenfl\u00e4che. (Foto: Christine Albert)&lt;\/p&gt;\n\" data-medium-file=\"https:\/\/d.th-nuernberg.de\/re\/wp-content\/uploads\/sites\/6\/2017\/02\/IMG_5319-300x225.jpg\" data-large-file=\"https:\/\/d.th-nuernberg.de\/re\/wp-content\/uploads\/sites\/6\/2017\/02\/IMG_5319-1024x768.jpg\" class=\"size-full wp-image-1277\" src=\"https:\/\/d.th-nuernberg.de\/re\/wp-content\/uploads\/sites\/6\/2017\/02\/IMG_5319.jpg\" alt=\"\" width=\"4032\" height=\"3024\" srcset=\"https:\/\/d.th-nuernberg.de\/re\/wp-content\/uploads\/sites\/6\/2017\/02\/IMG_5319.jpg 4032w, https:\/\/d.th-nuernberg.de\/re\/wp-content\/uploads\/sites\/6\/2017\/02\/IMG_5319-300x225.jpg 300w, https:\/\/d.th-nuernberg.de\/re\/wp-content\/uploads\/sites\/6\/2017\/02\/IMG_5319-768x576.jpg 768w, https:\/\/d.th-nuernberg.de\/re\/wp-content\/uploads\/sites\/6\/2017\/02\/IMG_5319-1024x768.jpg 1024w, https:\/\/d.th-nuernberg.de\/re\/wp-content\/uploads\/sites\/6\/2017\/02\/IMG_5319-340x255.jpg 340w, https:\/\/d.th-nuernberg.de\/re\/wp-content\/uploads\/sites\/6\/2017\/02\/IMG_5319-1100x825.jpg 1100w, https:\/\/d.th-nuernberg.de\/re\/wp-content\/uploads\/sites\/6\/2017\/02\/IMG_5319-840x630.jpg 840w, https:\/\/d.th-nuernberg.de\/re\/wp-content\/uploads\/sites\/6\/2017\/02\/IMG_5319-240x180.jpg 240w\" sizes=\"(max-width: 4032px) 100vw, 4032px\" \/><p id=\"caption-attachment-1277\" class=\"wp-caption-text\">Der Gastraum wird zur Zeichenfl\u00e4che. (Foto: Christine Albert)<\/p><\/div>\n<div id=\"attachment_1275\" style=\"width: 3024px\" class=\"wp-caption aligncenter\"><img decoding=\"async\" aria-describedby=\"caption-attachment-1275\" data-attachment-id=\"1275\" data-permalink=\"https:\/\/d.th-nuernberg.de\/re\/portfolio\/magazin-releasparty-ii\/img_5325\/\" data-orig-file=\"https:\/\/d.th-nuernberg.de\/re\/wp-content\/uploads\/sites\/6\/2017\/02\/IMG_5325.jpg\" data-orig-size=\"3024,4032\" data-comments-opened=\"0\" data-image-meta=\"{&quot;aperture&quot;:&quot;2.2&quot;,&quot;credit&quot;:&quot;&quot;,&quot;camera&quot;:&quot;iPhone SE&quot;,&quot;caption&quot;:&quot;&quot;,&quot;created_timestamp&quot;:&quot;1484931927&quot;,&quot;copyright&quot;:&quot;&quot;,&quot;focal_length&quot;:&quot;4.15&quot;,&quot;iso&quot;:&quot;250&quot;,&quot;shutter_speed&quot;:&quot;0.058823529411765&quot;,&quot;title&quot;:&quot;&quot;,&quot;orientation&quot;:&quot;1&quot;}\" data-image-title=\"IMG_5325\" data-image-description=\"\" data-image-caption=\"&lt;p&gt;Der Gastraum wird zur Zeichenfl\u00e4che. (Foto: Christine Albert)&lt;\/p&gt;\n\" data-medium-file=\"https:\/\/d.th-nuernberg.de\/re\/wp-content\/uploads\/sites\/6\/2017\/02\/IMG_5325-225x300.jpg\" data-large-file=\"https:\/\/d.th-nuernberg.de\/re\/wp-content\/uploads\/sites\/6\/2017\/02\/IMG_5325-768x1024.jpg\" class=\"wp-image-1275 size-full\" src=\"https:\/\/d.th-nuernberg.de\/re\/wp-content\/uploads\/sites\/6\/2017\/02\/IMG_5325.jpg\" width=\"3024\" height=\"4032\" srcset=\"https:\/\/d.th-nuernberg.de\/re\/wp-content\/uploads\/sites\/6\/2017\/02\/IMG_5325.jpg 3024w, https:\/\/d.th-nuernberg.de\/re\/wp-content\/uploads\/sites\/6\/2017\/02\/IMG_5325-225x300.jpg 225w, https:\/\/d.th-nuernberg.de\/re\/wp-content\/uploads\/sites\/6\/2017\/02\/IMG_5325-768x1024.jpg 768w, https:\/\/d.th-nuernberg.de\/re\/wp-content\/uploads\/sites\/6\/2017\/02\/IMG_5325-340x453.jpg 340w, https:\/\/d.th-nuernberg.de\/re\/wp-content\/uploads\/sites\/6\/2017\/02\/IMG_5325-1100x1467.jpg 1100w, https:\/\/d.th-nuernberg.de\/re\/wp-content\/uploads\/sites\/6\/2017\/02\/IMG_5325-840x1120.jpg 840w, https:\/\/d.th-nuernberg.de\/re\/wp-content\/uploads\/sites\/6\/2017\/02\/IMG_5325-135x180.jpg 135w\" sizes=\"(max-width: 3024px) 100vw, 3024px\" \/><p id=\"caption-attachment-1275\" class=\"wp-caption-text\">Noch sind alle Hocker wei\u00df. (Foto: Christine Albert)<\/p><\/div>\n<div id=\"attachment_1276\" style=\"width: 3024px\" class=\"wp-caption aligncenter\"><img loading=\"lazy\" decoding=\"async\" aria-describedby=\"caption-attachment-1276\" data-attachment-id=\"1276\" data-permalink=\"https:\/\/d.th-nuernberg.de\/re\/portfolio\/magazin-releasparty-ii\/img_5327\/\" data-orig-file=\"https:\/\/d.th-nuernberg.de\/re\/wp-content\/uploads\/sites\/6\/2017\/02\/IMG_5327.jpg\" data-orig-size=\"3024,4032\" data-comments-opened=\"0\" data-image-meta=\"{&quot;aperture&quot;:&quot;2.2&quot;,&quot;credit&quot;:&quot;&quot;,&quot;camera&quot;:&quot;iPhone SE&quot;,&quot;caption&quot;:&quot;&quot;,&quot;created_timestamp&quot;:&quot;1484933580&quot;,&quot;copyright&quot;:&quot;&quot;,&quot;focal_length&quot;:&quot;4.15&quot;,&quot;iso&quot;:&quot;200&quot;,&quot;shutter_speed&quot;:&quot;0.058823529411765&quot;,&quot;title&quot;:&quot;&quot;,&quot;orientation&quot;:&quot;1&quot;}\" data-image-title=\"IMG_5327\" data-image-description=\"\" data-image-caption=\"&lt;p&gt;Mit vereinten Kr\u00e4ften. (Foto: Christine Albert)&lt;\/p&gt;\n\" data-medium-file=\"https:\/\/d.th-nuernberg.de\/re\/wp-content\/uploads\/sites\/6\/2017\/02\/IMG_5327-225x300.jpg\" data-large-file=\"https:\/\/d.th-nuernberg.de\/re\/wp-content\/uploads\/sites\/6\/2017\/02\/IMG_5327-768x1024.jpg\" class=\"size-full wp-image-1276\" src=\"https:\/\/d.th-nuernberg.de\/re\/wp-content\/uploads\/sites\/6\/2017\/02\/IMG_5327.jpg\" alt=\"\" width=\"3024\" height=\"4032\" srcset=\"https:\/\/d.th-nuernberg.de\/re\/wp-content\/uploads\/sites\/6\/2017\/02\/IMG_5327.jpg 3024w, https:\/\/d.th-nuernberg.de\/re\/wp-content\/uploads\/sites\/6\/2017\/02\/IMG_5327-225x300.jpg 225w, https:\/\/d.th-nuernberg.de\/re\/wp-content\/uploads\/sites\/6\/2017\/02\/IMG_5327-768x1024.jpg 768w, https:\/\/d.th-nuernberg.de\/re\/wp-content\/uploads\/sites\/6\/2017\/02\/IMG_5327-340x453.jpg 340w, https:\/\/d.th-nuernberg.de\/re\/wp-content\/uploads\/sites\/6\/2017\/02\/IMG_5327-1100x1467.jpg 1100w, https:\/\/d.th-nuernberg.de\/re\/wp-content\/uploads\/sites\/6\/2017\/02\/IMG_5327-840x1120.jpg 840w, https:\/\/d.th-nuernberg.de\/re\/wp-content\/uploads\/sites\/6\/2017\/02\/IMG_5327-135x180.jpg 135w\" sizes=\"(max-width: 3024px) 100vw, 3024px\" \/><p id=\"caption-attachment-1276\" class=\"wp-caption-text\">Mit vereinten Kr\u00e4ften. (Foto: Christine Albert)<\/p><\/div>\n<div id=\"attachment_1278\" style=\"width: 3024px\" class=\"wp-caption aligncenter\"><img loading=\"lazy\" decoding=\"async\" aria-describedby=\"caption-attachment-1278\" data-attachment-id=\"1278\" data-permalink=\"https:\/\/d.th-nuernberg.de\/re\/portfolio\/magazin-releasparty-ii\/img_5328\/\" data-orig-file=\"https:\/\/d.th-nuernberg.de\/re\/wp-content\/uploads\/sites\/6\/2017\/02\/IMG_5328.jpg\" data-orig-size=\"3024,4032\" data-comments-opened=\"0\" data-image-meta=\"{&quot;aperture&quot;:&quot;2.2&quot;,&quot;credit&quot;:&quot;&quot;,&quot;camera&quot;:&quot;iPhone SE&quot;,&quot;caption&quot;:&quot;&quot;,&quot;created_timestamp&quot;:&quot;1484933629&quot;,&quot;copyright&quot;:&quot;&quot;,&quot;focal_length&quot;:&quot;4.15&quot;,&quot;iso&quot;:&quot;250&quot;,&quot;shutter_speed&quot;:&quot;0.058823529411765&quot;,&quot;title&quot;:&quot;&quot;,&quot;orientation&quot;:&quot;1&quot;}\" data-image-title=\"IMG_5328\" data-image-description=\"\" data-image-caption=\"&lt;p&gt;Das Magazin ganz frisch. (Foto: Christine Albert)&lt;\/p&gt;\n\" data-medium-file=\"https:\/\/d.th-nuernberg.de\/re\/wp-content\/uploads\/sites\/6\/2017\/02\/IMG_5328-225x300.jpg\" data-large-file=\"https:\/\/d.th-nuernberg.de\/re\/wp-content\/uploads\/sites\/6\/2017\/02\/IMG_5328-768x1024.jpg\" class=\"wp-image-1278 size-full\" src=\"https:\/\/d.th-nuernberg.de\/re\/wp-content\/uploads\/sites\/6\/2017\/02\/IMG_5328.jpg\" width=\"3024\" height=\"4032\" srcset=\"https:\/\/d.th-nuernberg.de\/re\/wp-content\/uploads\/sites\/6\/2017\/02\/IMG_5328.jpg 3024w, https:\/\/d.th-nuernberg.de\/re\/wp-content\/uploads\/sites\/6\/2017\/02\/IMG_5328-225x300.jpg 225w, https:\/\/d.th-nuernberg.de\/re\/wp-content\/uploads\/sites\/6\/2017\/02\/IMG_5328-768x1024.jpg 768w, https:\/\/d.th-nuernberg.de\/re\/wp-content\/uploads\/sites\/6\/2017\/02\/IMG_5328-340x453.jpg 340w, https:\/\/d.th-nuernberg.de\/re\/wp-content\/uploads\/sites\/6\/2017\/02\/IMG_5328-1100x1467.jpg 1100w, https:\/\/d.th-nuernberg.de\/re\/wp-content\/uploads\/sites\/6\/2017\/02\/IMG_5328-840x1120.jpg 840w, https:\/\/d.th-nuernberg.de\/re\/wp-content\/uploads\/sites\/6\/2017\/02\/IMG_5328-135x180.jpg 135w\" sizes=\"(max-width: 3024px) 100vw, 3024px\" \/><p id=\"caption-attachment-1278\" class=\"wp-caption-text\">Das Magazin ist noch ganz frisch. (Foto: Christine Albert)<\/p><\/div>\n<div id=\"attachment_1279\" style=\"width: 1599px\" class=\"wp-caption aligncenter\"><img loading=\"lazy\" decoding=\"async\" aria-describedby=\"caption-attachment-1279\" data-attachment-id=\"1279\" data-permalink=\"https:\/\/d.th-nuernberg.de\/re\/portfolio\/magazin-releasparty-ii\/_01\/\" data-orig-file=\"https:\/\/d.th-nuernberg.de\/re\/wp-content\/uploads\/sites\/6\/2017\/02\/01.jpg\" data-orig-size=\"1599,1066\" data-comments-opened=\"0\" data-image-meta=\"{&quot;aperture&quot;:&quot;0&quot;,&quot;credit&quot;:&quot;&quot;,&quot;camera&quot;:&quot;&quot;,&quot;caption&quot;:&quot;&quot;,&quot;created_timestamp&quot;:&quot;0&quot;,&quot;copyright&quot;:&quot;&quot;,&quot;focal_length&quot;:&quot;0&quot;,&quot;iso&quot;:&quot;0&quot;,&quot;shutter_speed&quot;:&quot;0&quot;,&quot;title&quot;:&quot;&quot;,&quot;orientation&quot;:&quot;1&quot;}\" data-image-title=\"_01\" data-image-description=\"\" data-image-caption=\"&lt;p&gt;Wei\u00df, Schwarz, Gold! Die W\u00e4nde, der Raum verwandeln sich. (Foto: Tim B\u00f6hmerle)&lt;\/p&gt;\n\" data-medium-file=\"https:\/\/d.th-nuernberg.de\/re\/wp-content\/uploads\/sites\/6\/2017\/02\/01-300x200.jpg\" data-large-file=\"https:\/\/d.th-nuernberg.de\/re\/wp-content\/uploads\/sites\/6\/2017\/02\/01-1024x683.jpg\" class=\"size-full wp-image-1279\" src=\"https:\/\/d.th-nuernberg.de\/re\/wp-content\/uploads\/sites\/6\/2017\/02\/01.jpg\" alt=\"\" width=\"1599\" height=\"1066\" srcset=\"https:\/\/d.th-nuernberg.de\/re\/wp-content\/uploads\/sites\/6\/2017\/02\/01.jpg 1599w, https:\/\/d.th-nuernberg.de\/re\/wp-content\/uploads\/sites\/6\/2017\/02\/01-300x200.jpg 300w, https:\/\/d.th-nuernberg.de\/re\/wp-content\/uploads\/sites\/6\/2017\/02\/01-768x512.jpg 768w, https:\/\/d.th-nuernberg.de\/re\/wp-content\/uploads\/sites\/6\/2017\/02\/01-1024x683.jpg 1024w, https:\/\/d.th-nuernberg.de\/re\/wp-content\/uploads\/sites\/6\/2017\/02\/01-340x227.jpg 340w, https:\/\/d.th-nuernberg.de\/re\/wp-content\/uploads\/sites\/6\/2017\/02\/01-1100x733.jpg 1100w, https:\/\/d.th-nuernberg.de\/re\/wp-content\/uploads\/sites\/6\/2017\/02\/01-840x560.jpg 840w, https:\/\/d.th-nuernberg.de\/re\/wp-content\/uploads\/sites\/6\/2017\/02\/01-270x180.jpg 270w\" sizes=\"(max-width: 1599px) 100vw, 1599px\" \/><p id=\"caption-attachment-1279\" class=\"wp-caption-text\">Wei\u00df, Schwarz, Gold! Die W\u00e4nde, der Raum verwandeln sich. (Foto: Tim B\u00f6hmerle)<\/p><\/div>\n<div id=\"attachment_1280\" style=\"width: 1599px\" class=\"wp-caption aligncenter\"><img loading=\"lazy\" decoding=\"async\" aria-describedby=\"caption-attachment-1280\" data-attachment-id=\"1280\" data-permalink=\"https:\/\/d.th-nuernberg.de\/re\/portfolio\/magazin-releasparty-ii\/_mg_1945\/\" data-orig-file=\"https:\/\/d.th-nuernberg.de\/re\/wp-content\/uploads\/sites\/6\/2017\/02\/MG_1945.jpg\" data-orig-size=\"1599,1066\" data-comments-opened=\"0\" data-image-meta=\"{&quot;aperture&quot;:&quot;0&quot;,&quot;credit&quot;:&quot;&quot;,&quot;camera&quot;:&quot;&quot;,&quot;caption&quot;:&quot;&quot;,&quot;created_timestamp&quot;:&quot;0&quot;,&quot;copyright&quot;:&quot;&quot;,&quot;focal_length&quot;:&quot;0&quot;,&quot;iso&quot;:&quot;0&quot;,&quot;shutter_speed&quot;:&quot;0&quot;,&quot;title&quot;:&quot;&quot;,&quot;orientation&quot;:&quot;0&quot;}\" data-image-title=\"_MG_1945\" data-image-description=\"\" data-image-caption=\"&lt;p&gt;(Foto: Tim B\u00f6hmerle)&lt;\/p&gt;\n\" data-medium-file=\"https:\/\/d.th-nuernberg.de\/re\/wp-content\/uploads\/sites\/6\/2017\/02\/MG_1945-300x200.jpg\" data-large-file=\"https:\/\/d.th-nuernberg.de\/re\/wp-content\/uploads\/sites\/6\/2017\/02\/MG_1945-1024x683.jpg\" class=\"size-full wp-image-1280\" src=\"https:\/\/d.th-nuernberg.de\/re\/wp-content\/uploads\/sites\/6\/2017\/02\/MG_1945.jpg\" alt=\"\" width=\"1599\" height=\"1066\" srcset=\"https:\/\/d.th-nuernberg.de\/re\/wp-content\/uploads\/sites\/6\/2017\/02\/MG_1945.jpg 1599w, https:\/\/d.th-nuernberg.de\/re\/wp-content\/uploads\/sites\/6\/2017\/02\/MG_1945-300x200.jpg 300w, https:\/\/d.th-nuernberg.de\/re\/wp-content\/uploads\/sites\/6\/2017\/02\/MG_1945-768x512.jpg 768w, https:\/\/d.th-nuernberg.de\/re\/wp-content\/uploads\/sites\/6\/2017\/02\/MG_1945-1024x683.jpg 1024w, https:\/\/d.th-nuernberg.de\/re\/wp-content\/uploads\/sites\/6\/2017\/02\/MG_1945-340x227.jpg 340w, https:\/\/d.th-nuernberg.de\/re\/wp-content\/uploads\/sites\/6\/2017\/02\/MG_1945-1100x733.jpg 1100w, https:\/\/d.th-nuernberg.de\/re\/wp-content\/uploads\/sites\/6\/2017\/02\/MG_1945-840x560.jpg 840w, https:\/\/d.th-nuernberg.de\/re\/wp-content\/uploads\/sites\/6\/2017\/02\/MG_1945-270x180.jpg 270w\" sizes=\"(max-width: 1599px) 100vw, 1599px\" \/><p id=\"caption-attachment-1280\" class=\"wp-caption-text\">(Foto: Tim B\u00f6hmerle)<\/p><\/div>\n<div id=\"attachment_1281\" style=\"width: 3024px\" class=\"wp-caption aligncenter\"><img loading=\"lazy\" decoding=\"async\" aria-describedby=\"caption-attachment-1281\" data-attachment-id=\"1281\" data-permalink=\"https:\/\/d.th-nuernberg.de\/re\/portfolio\/magazin-releasparty-ii\/img_5336\/\" data-orig-file=\"https:\/\/d.th-nuernberg.de\/re\/wp-content\/uploads\/sites\/6\/2017\/02\/IMG_5336.jpg\" data-orig-size=\"3024,3024\" data-comments-opened=\"0\" data-image-meta=\"{&quot;aperture&quot;:&quot;2.2&quot;,&quot;credit&quot;:&quot;&quot;,&quot;camera&quot;:&quot;iPhone SE&quot;,&quot;caption&quot;:&quot;&quot;,&quot;created_timestamp&quot;:&quot;1484952254&quot;,&quot;copyright&quot;:&quot;&quot;,&quot;focal_length&quot;:&quot;4.15&quot;,&quot;iso&quot;:&quot;320&quot;,&quot;shutter_speed&quot;:&quot;0.058823529411765&quot;,&quot;title&quot;:&quot;&quot;,&quot;orientation&quot;:&quot;1&quot;}\" data-image-title=\"IMG_5336\" data-image-description=\"\" data-image-caption=\"&lt;p&gt;Artwork Lukas Remmler (Foto: Christine Albert)&lt;\/p&gt;\n\" data-medium-file=\"https:\/\/d.th-nuernberg.de\/re\/wp-content\/uploads\/sites\/6\/2017\/02\/IMG_5336-300x300.jpg\" data-large-file=\"https:\/\/d.th-nuernberg.de\/re\/wp-content\/uploads\/sites\/6\/2017\/02\/IMG_5336-1024x1024.jpg\" class=\"size-full wp-image-1281\" src=\"https:\/\/d.th-nuernberg.de\/re\/wp-content\/uploads\/sites\/6\/2017\/02\/IMG_5336.jpg\" alt=\"\" width=\"3024\" height=\"3024\" srcset=\"https:\/\/d.th-nuernberg.de\/re\/wp-content\/uploads\/sites\/6\/2017\/02\/IMG_5336.jpg 3024w, https:\/\/d.th-nuernberg.de\/re\/wp-content\/uploads\/sites\/6\/2017\/02\/IMG_5336-150x150.jpg 150w, https:\/\/d.th-nuernberg.de\/re\/wp-content\/uploads\/sites\/6\/2017\/02\/IMG_5336-300x300.jpg 300w, https:\/\/d.th-nuernberg.de\/re\/wp-content\/uploads\/sites\/6\/2017\/02\/IMG_5336-768x768.jpg 768w, https:\/\/d.th-nuernberg.de\/re\/wp-content\/uploads\/sites\/6\/2017\/02\/IMG_5336-1024x1024.jpg 1024w, https:\/\/d.th-nuernberg.de\/re\/wp-content\/uploads\/sites\/6\/2017\/02\/IMG_5336-340x340.jpg 340w, https:\/\/d.th-nuernberg.de\/re\/wp-content\/uploads\/sites\/6\/2017\/02\/IMG_5336-1100x1100.jpg 1100w, https:\/\/d.th-nuernberg.de\/re\/wp-content\/uploads\/sites\/6\/2017\/02\/IMG_5336-840x840.jpg 840w, https:\/\/d.th-nuernberg.de\/re\/wp-content\/uploads\/sites\/6\/2017\/02\/IMG_5336-180x180.jpg 180w, https:\/\/d.th-nuernberg.de\/re\/wp-content\/uploads\/sites\/6\/2017\/02\/IMG_5336-50x50.jpg 50w\" sizes=\"(max-width: 3024px) 100vw, 3024px\" \/><p id=\"caption-attachment-1281\" class=\"wp-caption-text\">Artwork Lukas Remmler (Foto: Christine Albert)<\/p><\/div>\n<div id=\"attachment_1282\" style=\"width: 3024px\" class=\"wp-caption aligncenter\"><img loading=\"lazy\" decoding=\"async\" aria-describedby=\"caption-attachment-1282\" data-attachment-id=\"1282\" data-permalink=\"https:\/\/d.th-nuernberg.de\/re\/portfolio\/magazin-releasparty-ii\/img_5340\/\" data-orig-file=\"https:\/\/d.th-nuernberg.de\/re\/wp-content\/uploads\/sites\/6\/2017\/02\/IMG_5340.jpg\" data-orig-size=\"3024,3024\" data-comments-opened=\"0\" data-image-meta=\"{&quot;aperture&quot;:&quot;2.2&quot;,&quot;credit&quot;:&quot;&quot;,&quot;camera&quot;:&quot;iPhone SE&quot;,&quot;caption&quot;:&quot;&quot;,&quot;created_timestamp&quot;:&quot;1484952521&quot;,&quot;copyright&quot;:&quot;&quot;,&quot;focal_length&quot;:&quot;4.15&quot;,&quot;iso&quot;:&quot;320&quot;,&quot;shutter_speed&quot;:&quot;0.058823529411765&quot;,&quot;title&quot;:&quot;&quot;,&quot;orientation&quot;:&quot;1&quot;}\" data-image-title=\"IMG_5340\" data-image-description=\"\" data-image-caption=\"&lt;p&gt;Artwork Andreas Iordache (Foto: Christine Albert)&lt;\/p&gt;\n\" data-medium-file=\"https:\/\/d.th-nuernberg.de\/re\/wp-content\/uploads\/sites\/6\/2017\/02\/IMG_5340-300x300.jpg\" data-large-file=\"https:\/\/d.th-nuernberg.de\/re\/wp-content\/uploads\/sites\/6\/2017\/02\/IMG_5340-1024x1024.jpg\" class=\"size-full wp-image-1282\" src=\"https:\/\/d.th-nuernberg.de\/re\/wp-content\/uploads\/sites\/6\/2017\/02\/IMG_5340.jpg\" alt=\"\" width=\"3024\" height=\"3024\" srcset=\"https:\/\/d.th-nuernberg.de\/re\/wp-content\/uploads\/sites\/6\/2017\/02\/IMG_5340.jpg 3024w, https:\/\/d.th-nuernberg.de\/re\/wp-content\/uploads\/sites\/6\/2017\/02\/IMG_5340-150x150.jpg 150w, https:\/\/d.th-nuernberg.de\/re\/wp-content\/uploads\/sites\/6\/2017\/02\/IMG_5340-300x300.jpg 300w, https:\/\/d.th-nuernberg.de\/re\/wp-content\/uploads\/sites\/6\/2017\/02\/IMG_5340-768x768.jpg 768w, https:\/\/d.th-nuernberg.de\/re\/wp-content\/uploads\/sites\/6\/2017\/02\/IMG_5340-1024x1024.jpg 1024w, https:\/\/d.th-nuernberg.de\/re\/wp-content\/uploads\/sites\/6\/2017\/02\/IMG_5340-340x340.jpg 340w, https:\/\/d.th-nuernberg.de\/re\/wp-content\/uploads\/sites\/6\/2017\/02\/IMG_5340-1100x1100.jpg 1100w, https:\/\/d.th-nuernberg.de\/re\/wp-content\/uploads\/sites\/6\/2017\/02\/IMG_5340-840x840.jpg 840w, https:\/\/d.th-nuernberg.de\/re\/wp-content\/uploads\/sites\/6\/2017\/02\/IMG_5340-180x180.jpg 180w, https:\/\/d.th-nuernberg.de\/re\/wp-content\/uploads\/sites\/6\/2017\/02\/IMG_5340-50x50.jpg 50w\" sizes=\"(max-width: 3024px) 100vw, 3024px\" \/><p id=\"caption-attachment-1282\" class=\"wp-caption-text\">Artwork Andreas Iordache (Foto: Christine Albert)<\/p><\/div>\n<div id=\"attachment_1283\" style=\"width: 1441px\" class=\"wp-caption aligncenter\"><img loading=\"lazy\" decoding=\"async\" aria-describedby=\"caption-attachment-1283\" data-attachment-id=\"1283\" data-permalink=\"https:\/\/d.th-nuernberg.de\/re\/portfolio\/magazin-releasparty-ii\/_mg_2035-2\/\" data-orig-file=\"https:\/\/d.th-nuernberg.de\/re\/wp-content\/uploads\/sites\/6\/2017\/02\/MG_2035-2.jpg\" data-orig-size=\"1441,815\" data-comments-opened=\"0\" data-image-meta=\"{&quot;aperture&quot;:&quot;0&quot;,&quot;credit&quot;:&quot;&quot;,&quot;camera&quot;:&quot;&quot;,&quot;caption&quot;:&quot;&quot;,&quot;created_timestamp&quot;:&quot;0&quot;,&quot;copyright&quot;:&quot;&quot;,&quot;focal_length&quot;:&quot;0&quot;,&quot;iso&quot;:&quot;0&quot;,&quot;shutter_speed&quot;:&quot;0&quot;,&quot;title&quot;:&quot;&quot;,&quot;orientation&quot;:&quot;1&quot;}\" data-image-title=\"_MG_2035 2\" data-image-description=\"\" data-image-caption=\"&lt;p&gt;Foto: Tim B\u00f6hmerle&lt;\/p&gt;\n\" data-medium-file=\"https:\/\/d.th-nuernberg.de\/re\/wp-content\/uploads\/sites\/6\/2017\/02\/MG_2035-2-300x170.jpg\" data-large-file=\"https:\/\/d.th-nuernberg.de\/re\/wp-content\/uploads\/sites\/6\/2017\/02\/MG_2035-2-1024x579.jpg\" class=\"size-full wp-image-1283\" src=\"https:\/\/d.th-nuernberg.de\/re\/wp-content\/uploads\/sites\/6\/2017\/02\/MG_2035-2.jpg\" alt=\"\" width=\"1441\" height=\"815\" srcset=\"https:\/\/d.th-nuernberg.de\/re\/wp-content\/uploads\/sites\/6\/2017\/02\/MG_2035-2.jpg 1441w, https:\/\/d.th-nuernberg.de\/re\/wp-content\/uploads\/sites\/6\/2017\/02\/MG_2035-2-300x170.jpg 300w, https:\/\/d.th-nuernberg.de\/re\/wp-content\/uploads\/sites\/6\/2017\/02\/MG_2035-2-768x434.jpg 768w, https:\/\/d.th-nuernberg.de\/re\/wp-content\/uploads\/sites\/6\/2017\/02\/MG_2035-2-1024x579.jpg 1024w, https:\/\/d.th-nuernberg.de\/re\/wp-content\/uploads\/sites\/6\/2017\/02\/MG_2035-2-340x192.jpg 340w, https:\/\/d.th-nuernberg.de\/re\/wp-content\/uploads\/sites\/6\/2017\/02\/MG_2035-2-1100x622.jpg 1100w, https:\/\/d.th-nuernberg.de\/re\/wp-content\/uploads\/sites\/6\/2017\/02\/MG_2035-2-840x475.jpg 840w, https:\/\/d.th-nuernberg.de\/re\/wp-content\/uploads\/sites\/6\/2017\/02\/MG_2035-2-318x180.jpg 318w\" sizes=\"(max-width: 1441px) 100vw, 1441px\" \/><p id=\"caption-attachment-1283\" class=\"wp-caption-text\">Foto: Tim B\u00f6hmerle<\/p><\/div>\n<div id=\"attachment_1287\" style=\"width: 1035px\" class=\"wp-caption aligncenter\"><img loading=\"lazy\" decoding=\"async\" aria-describedby=\"caption-attachment-1287\" data-attachment-id=\"1287\" data-permalink=\"https:\/\/d.th-nuernberg.de\/re\/portfolio\/magazin-releasparty-ii\/bildschirmfoto-2017-02-20-um-12-11-08\/\" data-orig-file=\"https:\/\/d.th-nuernberg.de\/re\/wp-content\/uploads\/sites\/6\/2017\/02\/Bildschirmfoto-2017-02-20-um-12.11.08.png\" data-orig-size=\"1035,770\" data-comments-opened=\"0\" data-image-meta=\"{&quot;aperture&quot;:&quot;0&quot;,&quot;credit&quot;:&quot;&quot;,&quot;camera&quot;:&quot;&quot;,&quot;caption&quot;:&quot;&quot;,&quot;created_timestamp&quot;:&quot;0&quot;,&quot;copyright&quot;:&quot;&quot;,&quot;focal_length&quot;:&quot;0&quot;,&quot;iso&quot;:&quot;0&quot;,&quot;shutter_speed&quot;:&quot;0&quot;,&quot;title&quot;:&quot;&quot;,&quot;orientation&quot;:&quot;0&quot;}\" data-image-title=\"Bildschirmfoto 2017-02-20 um 12.11.08\" data-image-description=\"\" data-image-caption=\"&lt;p&gt;Konzeptauszug&lt;\/p&gt;\n\" data-medium-file=\"https:\/\/d.th-nuernberg.de\/re\/wp-content\/uploads\/sites\/6\/2017\/02\/Bildschirmfoto-2017-02-20-um-12.11.08-300x223.png\" data-large-file=\"https:\/\/d.th-nuernberg.de\/re\/wp-content\/uploads\/sites\/6\/2017\/02\/Bildschirmfoto-2017-02-20-um-12.11.08-1024x762.png\" class=\"size-full wp-image-1287\" src=\"https:\/\/d.th-nuernberg.de\/re\/wp-content\/uploads\/sites\/6\/2017\/02\/Bildschirmfoto-2017-02-20-um-12.11.08.png\" alt=\"\" width=\"1035\" height=\"770\" srcset=\"https:\/\/d.th-nuernberg.de\/re\/wp-content\/uploads\/sites\/6\/2017\/02\/Bildschirmfoto-2017-02-20-um-12.11.08.png 1035w, https:\/\/d.th-nuernberg.de\/re\/wp-content\/uploads\/sites\/6\/2017\/02\/Bildschirmfoto-2017-02-20-um-12.11.08-300x223.png 300w, https:\/\/d.th-nuernberg.de\/re\/wp-content\/uploads\/sites\/6\/2017\/02\/Bildschirmfoto-2017-02-20-um-12.11.08-768x571.png 768w, https:\/\/d.th-nuernberg.de\/re\/wp-content\/uploads\/sites\/6\/2017\/02\/Bildschirmfoto-2017-02-20-um-12.11.08-1024x762.png 1024w, https:\/\/d.th-nuernberg.de\/re\/wp-content\/uploads\/sites\/6\/2017\/02\/Bildschirmfoto-2017-02-20-um-12.11.08-340x253.png 340w, https:\/\/d.th-nuernberg.de\/re\/wp-content\/uploads\/sites\/6\/2017\/02\/Bildschirmfoto-2017-02-20-um-12.11.08-840x625.png 840w, https:\/\/d.th-nuernberg.de\/re\/wp-content\/uploads\/sites\/6\/2017\/02\/Bildschirmfoto-2017-02-20-um-12.11.08-242x180.png 242w\" sizes=\"(max-width: 1035px) 100vw, 1035px\" \/><p id=\"caption-attachment-1287\" class=\"wp-caption-text\">Konzeptauszug<\/p><\/div>\n<div id=\"attachment_1288\" style=\"width: 1047px\" class=\"wp-caption aligncenter\"><img loading=\"lazy\" decoding=\"async\" aria-describedby=\"caption-attachment-1288\" data-attachment-id=\"1288\" data-permalink=\"https:\/\/d.th-nuernberg.de\/re\/portfolio\/magazin-releasparty-ii\/bildschirmfoto-2017-02-20-um-12-10-59\/\" data-orig-file=\"https:\/\/d.th-nuernberg.de\/re\/wp-content\/uploads\/sites\/6\/2017\/02\/Bildschirmfoto-2017-02-20-um-12.10.59.png\" data-orig-size=\"1047,771\" data-comments-opened=\"0\" data-image-meta=\"{&quot;aperture&quot;:&quot;0&quot;,&quot;credit&quot;:&quot;&quot;,&quot;camera&quot;:&quot;&quot;,&quot;caption&quot;:&quot;&quot;,&quot;created_timestamp&quot;:&quot;0&quot;,&quot;copyright&quot;:&quot;&quot;,&quot;focal_length&quot;:&quot;0&quot;,&quot;iso&quot;:&quot;0&quot;,&quot;shutter_speed&quot;:&quot;0&quot;,&quot;title&quot;:&quot;&quot;,&quot;orientation&quot;:&quot;0&quot;}\" data-image-title=\"Bildschirmfoto 2017-02-20 um 12.10.59\" data-image-description=\"\" data-image-caption=\"&lt;p&gt;Konzeptauszug&lt;\/p&gt;\n\" data-medium-file=\"https:\/\/d.th-nuernberg.de\/re\/wp-content\/uploads\/sites\/6\/2017\/02\/Bildschirmfoto-2017-02-20-um-12.10.59-300x221.png\" data-large-file=\"https:\/\/d.th-nuernberg.de\/re\/wp-content\/uploads\/sites\/6\/2017\/02\/Bildschirmfoto-2017-02-20-um-12.10.59-1024x754.png\" class=\"size-full wp-image-1288\" src=\"https:\/\/d.th-nuernberg.de\/re\/wp-content\/uploads\/sites\/6\/2017\/02\/Bildschirmfoto-2017-02-20-um-12.10.59.png\" alt=\"\" width=\"1047\" height=\"771\" srcset=\"https:\/\/d.th-nuernberg.de\/re\/wp-content\/uploads\/sites\/6\/2017\/02\/Bildschirmfoto-2017-02-20-um-12.10.59.png 1047w, https:\/\/d.th-nuernberg.de\/re\/wp-content\/uploads\/sites\/6\/2017\/02\/Bildschirmfoto-2017-02-20-um-12.10.59-300x221.png 300w, https:\/\/d.th-nuernberg.de\/re\/wp-content\/uploads\/sites\/6\/2017\/02\/Bildschirmfoto-2017-02-20-um-12.10.59-768x566.png 768w, https:\/\/d.th-nuernberg.de\/re\/wp-content\/uploads\/sites\/6\/2017\/02\/Bildschirmfoto-2017-02-20-um-12.10.59-1024x754.png 1024w, https:\/\/d.th-nuernberg.de\/re\/wp-content\/uploads\/sites\/6\/2017\/02\/Bildschirmfoto-2017-02-20-um-12.10.59-340x250.png 340w, https:\/\/d.th-nuernberg.de\/re\/wp-content\/uploads\/sites\/6\/2017\/02\/Bildschirmfoto-2017-02-20-um-12.10.59-840x619.png 840w, https:\/\/d.th-nuernberg.de\/re\/wp-content\/uploads\/sites\/6\/2017\/02\/Bildschirmfoto-2017-02-20-um-12.10.59-244x180.png 244w\" sizes=\"(max-width: 1047px) 100vw, 1047px\" \/><p id=\"caption-attachment-1288\" class=\"wp-caption-text\">Konzeptauszug<\/p><\/div>\n<div id=\"attachment_1284\" style=\"width: 721px\" class=\"wp-caption aligncenter\"><img loading=\"lazy\" decoding=\"async\" aria-describedby=\"caption-attachment-1284\" data-attachment-id=\"1284\" data-permalink=\"https:\/\/d.th-nuernberg.de\/re\/portfolio\/magazin-releasparty-ii\/plakat\/\" data-orig-file=\"https:\/\/d.th-nuernberg.de\/re\/wp-content\/uploads\/sites\/6\/2017\/02\/plakat.png\" data-orig-size=\"721,1022\" data-comments-opened=\"0\" data-image-meta=\"{&quot;aperture&quot;:&quot;0&quot;,&quot;credit&quot;:&quot;&quot;,&quot;camera&quot;:&quot;&quot;,&quot;caption&quot;:&quot;&quot;,&quot;created_timestamp&quot;:&quot;0&quot;,&quot;copyright&quot;:&quot;&quot;,&quot;focal_length&quot;:&quot;0&quot;,&quot;iso&quot;:&quot;0&quot;,&quot;shutter_speed&quot;:&quot;0&quot;,&quot;title&quot;:&quot;&quot;,&quot;orientation&quot;:&quot;0&quot;}\" data-image-title=\"plakat\" data-image-description=\"\" data-image-caption=\"&lt;p&gt;Veranstaltungsplakat Team Kommunikation, Artwork: Pia Salzer&lt;\/p&gt;\n\" data-medium-file=\"https:\/\/d.th-nuernberg.de\/re\/wp-content\/uploads\/sites\/6\/2017\/02\/plakat-212x300.png\" data-large-file=\"https:\/\/d.th-nuernberg.de\/re\/wp-content\/uploads\/sites\/6\/2017\/02\/plakat.png\" class=\"size-full wp-image-1284\" src=\"https:\/\/d.th-nuernberg.de\/re\/wp-content\/uploads\/sites\/6\/2017\/02\/plakat.png\" alt=\"\" width=\"721\" height=\"1022\" srcset=\"https:\/\/d.th-nuernberg.de\/re\/wp-content\/uploads\/sites\/6\/2017\/02\/plakat.png 721w, https:\/\/d.th-nuernberg.de\/re\/wp-content\/uploads\/sites\/6\/2017\/02\/plakat-212x300.png 212w, https:\/\/d.th-nuernberg.de\/re\/wp-content\/uploads\/sites\/6\/2017\/02\/plakat-340x482.png 340w, https:\/\/d.th-nuernberg.de\/re\/wp-content\/uploads\/sites\/6\/2017\/02\/plakat-127x180.png 127w\" sizes=\"(max-width: 721px) 100vw, 721px\" \/><p id=\"caption-attachment-1284\" class=\"wp-caption-text\">Veranstaltungsplakat Team Kommunikation, Artwork: Pia Salzer<\/p><\/div>\n","protected":false},"excerpt":{"rendered":"<p>\u201enicht georg\u201c Magazin Release im Caf\u00e9 MAINHEIM Sarah Eigenseher, Christine Poplavski, Hanna Hodzic konnten ihre Kommilitoninen und die Fachschaft mit ihrem Konzept \u201eBack to Blank\u201c \u00fcberzeugen. Nach einer sechsw\u00f6chigen Entwicklungsphase, hatte alle Studierenden des 3. Semesters Raum- und Eventdesign ein \u00fcberzeugendes und umsetzbares Konzept f\u00fcr eine Releasparty f\u00fcr unser hauseigenes Illustrationsmagazin\u00a0\u201enicht georg\u201c zu pr\u00e4sentieren. Die&hellip;<\/p>\n","protected":false},"author":5,"featured_media":1283,"comment_status":"closed","ping_status":"closed","template":"","format":"standard","meta":{"jetpack_post_was_ever_published":false,"footnotes":"","jetpack_publicize_message":"","jetpack_publicize_feature_enabled":true,"jetpack_social_post_already_shared":true,"jetpack_social_options":{"image_generator_settings":{"template":"highway","default_image_id":0,"font":"","enabled":false},"version":2}},"jetpack-portfolio-type":[16],"jetpack-portfolio-tag":[58,31],"class_list":["post-1272","jetpack-portfolio","type-jetpack-portfolio","status-publish","format-standard","has-post-thumbnail","hentry","jetpack-portfolio-type-3-sem","jetpack-portfolio-tag-party","jetpack-portfolio-tag-realisation","portfolio-entry"],"jetpack_publicize_connections":[],"jetpack_sharing_enabled":true,"_links":{"self":[{"href":"https:\/\/d.th-nuernberg.de\/re\/wp-json\/wp\/v2\/jetpack-portfolio\/1272","targetHints":{"allow":["GET"]}}],"collection":[{"href":"https:\/\/d.th-nuernberg.de\/re\/wp-json\/wp\/v2\/jetpack-portfolio"}],"about":[{"href":"https:\/\/d.th-nuernberg.de\/re\/wp-json\/wp\/v2\/types\/jetpack-portfolio"}],"author":[{"embeddable":true,"href":"https:\/\/d.th-nuernberg.de\/re\/wp-json\/wp\/v2\/users\/5"}],"replies":[{"embeddable":true,"href":"https:\/\/d.th-nuernberg.de\/re\/wp-json\/wp\/v2\/comments?post=1272"}],"version-history":[{"count":2,"href":"https:\/\/d.th-nuernberg.de\/re\/wp-json\/wp\/v2\/jetpack-portfolio\/1272\/revisions"}],"predecessor-version":[{"id":1375,"href":"https:\/\/d.th-nuernberg.de\/re\/wp-json\/wp\/v2\/jetpack-portfolio\/1272\/revisions\/1375"}],"wp:featuredmedia":[{"embeddable":true,"href":"https:\/\/d.th-nuernberg.de\/re\/wp-json\/wp\/v2\/media\/1283"}],"wp:attachment":[{"href":"https:\/\/d.th-nuernberg.de\/re\/wp-json\/wp\/v2\/media?parent=1272"}],"wp:term":[{"taxonomy":"jetpack-portfolio-type","embeddable":true,"href":"https:\/\/d.th-nuernberg.de\/re\/wp-json\/wp\/v2\/jetpack-portfolio-type?post=1272"},{"taxonomy":"jetpack-portfolio-tag","embeddable":true,"href":"https:\/\/d.th-nuernberg.de\/re\/wp-json\/wp\/v2\/jetpack-portfolio-tag?post=1272"}],"curies":[{"name":"wp","href":"https:\/\/api.w.org\/{rel}","templated":true}]}}