{"id":485,"date":"2015-07-30T18:05:49","date_gmt":"2015-07-30T16:05:49","guid":{"rendered":"https:\/\/d.th-nuernberg.de\/foto\/?post_type=jetpack-portfolio&#038;p=485"},"modified":"2015-08-05T11:42:13","modified_gmt":"2015-08-05T09:42:13","slug":"grimms-maerchen-zeitgemaess-interpretiert","status":"publish","type":"jetpack-portfolio","link":"https:\/\/d.th-nuernberg.de\/foto\/portfolio\/grimms-maerchen-zeitgemaess-interpretiert\/","title":{"rendered":"Grimms M\u00e4rchen &#8211; zeitgem\u00e4\u00df interpretiert"},"content":{"rendered":"<div id=\"attachment_497\" style=\"width: 600px\" class=\"wp-caption aligncenter\"><img fetchpriority=\"high\" decoding=\"async\" aria-describedby=\"caption-attachment-497\" class=\"wp-image-497 size-full\" src=\"https:\/\/d.th-nuernberg.de\/foto\/wp-content\/uploads\/sites\/10\/2015\/07\/Julia-Martschinke.jpg\" alt=\"Julia-Martschinke\" width=\"600\" height=\"900\" srcset=\"https:\/\/d.th-nuernberg.de\/foto\/wp-content\/uploads\/sites\/10\/2015\/07\/Julia-Martschinke.jpg 600w, https:\/\/d.th-nuernberg.de\/foto\/wp-content\/uploads\/sites\/10\/2015\/07\/Julia-Martschinke-200x300.jpg 200w, https:\/\/d.th-nuernberg.de\/foto\/wp-content\/uploads\/sites\/10\/2015\/07\/Julia-Martschinke-340x510.jpg 340w, https:\/\/d.th-nuernberg.de\/foto\/wp-content\/uploads\/sites\/10\/2015\/07\/Julia-Martschinke-120x180.jpg 120w\" sizes=\"(max-width: 600px) 100vw, 600px\" \/><p id=\"caption-attachment-497\" class=\"wp-caption-text\">Julia Martschinke &#8211; Die sechs Schw\u00e4ne<\/p><\/div>\n<p>&nbsp;<\/p>\n<div id=\"attachment_496\" style=\"width: 900px\" class=\"wp-caption aligncenter\"><img decoding=\"async\" aria-describedby=\"caption-attachment-496\" class=\"wp-image-496 size-full\" src=\"https:\/\/d.th-nuernberg.de\/foto\/wp-content\/uploads\/sites\/10\/2015\/07\/Igel-Mario-Johannes-Supermarkt.jpg\" alt=\"Igel-Mario-Johannes-Supermarkt\" width=\"900\" height=\"900\" srcset=\"https:\/\/d.th-nuernberg.de\/foto\/wp-content\/uploads\/sites\/10\/2015\/07\/Igel-Mario-Johannes-Supermarkt.jpg 900w, https:\/\/d.th-nuernberg.de\/foto\/wp-content\/uploads\/sites\/10\/2015\/07\/Igel-Mario-Johannes-Supermarkt-150x150.jpg 150w, https:\/\/d.th-nuernberg.de\/foto\/wp-content\/uploads\/sites\/10\/2015\/07\/Igel-Mario-Johannes-Supermarkt-300x300.jpg 300w, https:\/\/d.th-nuernberg.de\/foto\/wp-content\/uploads\/sites\/10\/2015\/07\/Igel-Mario-Johannes-Supermarkt-340x340.jpg 340w, https:\/\/d.th-nuernberg.de\/foto\/wp-content\/uploads\/sites\/10\/2015\/07\/Igel-Mario-Johannes-Supermarkt-840x840.jpg 840w, https:\/\/d.th-nuernberg.de\/foto\/wp-content\/uploads\/sites\/10\/2015\/07\/Igel-Mario-Johannes-Supermarkt-180x180.jpg 180w, https:\/\/d.th-nuernberg.de\/foto\/wp-content\/uploads\/sites\/10\/2015\/07\/Igel-Mario-Johannes-Supermarkt-50x50.jpg 50w\" sizes=\"(max-width: 900px) 100vw, 900px\" \/><p id=\"caption-attachment-496\" class=\"wp-caption-text\">Mario Johannes Igel &#8211; Marienkind<\/p><\/div>\n<p>&nbsp;<\/p>\n<div id=\"attachment_506\" style=\"width: 900px\" class=\"wp-caption aligncenter\"><img decoding=\"async\" aria-describedby=\"caption-attachment-506\" class=\"wp-image-506 size-full\" src=\"https:\/\/d.th-nuernberg.de\/foto\/wp-content\/uploads\/sites\/10\/2015\/07\/Strohbach-Johannes-Milkbottle.jpg\" alt=\"Strohbach-Johannes-Milkbottle\" width=\"900\" height=\"900\" srcset=\"https:\/\/d.th-nuernberg.de\/foto\/wp-content\/uploads\/sites\/10\/2015\/07\/Strohbach-Johannes-Milkbottle.jpg 900w, https:\/\/d.th-nuernberg.de\/foto\/wp-content\/uploads\/sites\/10\/2015\/07\/Strohbach-Johannes-Milkbottle-150x150.jpg 150w, https:\/\/d.th-nuernberg.de\/foto\/wp-content\/uploads\/sites\/10\/2015\/07\/Strohbach-Johannes-Milkbottle-300x300.jpg 300w, https:\/\/d.th-nuernberg.de\/foto\/wp-content\/uploads\/sites\/10\/2015\/07\/Strohbach-Johannes-Milkbottle-340x340.jpg 340w, https:\/\/d.th-nuernberg.de\/foto\/wp-content\/uploads\/sites\/10\/2015\/07\/Strohbach-Johannes-Milkbottle-840x840.jpg 840w, https:\/\/d.th-nuernberg.de\/foto\/wp-content\/uploads\/sites\/10\/2015\/07\/Strohbach-Johannes-Milkbottle-180x180.jpg 180w, https:\/\/d.th-nuernberg.de\/foto\/wp-content\/uploads\/sites\/10\/2015\/07\/Strohbach-Johannes-Milkbottle-50x50.jpg 50w\" sizes=\"(max-width: 900px) 100vw, 900px\" \/><p id=\"caption-attachment-506\" class=\"wp-caption-text\">Johannes Strohbach &#8211; Schneewittchen<\/p><\/div>\n<p>&nbsp;<\/p>\n<div id=\"attachment_501\" style=\"width: 1801px\" class=\"wp-caption aligncenter\"><img loading=\"lazy\" decoding=\"async\" aria-describedby=\"caption-attachment-501\" class=\"wp-image-501 size-full\" src=\"https:\/\/d.th-nuernberg.de\/foto\/wp-content\/uploads\/sites\/10\/2015\/07\/Oehler-Philipp-Rotkaeppchen.jpg\" alt=\"Oehler-Philipp-Rotkaeppchen\" width=\"1801\" height=\"900\" srcset=\"https:\/\/d.th-nuernberg.de\/foto\/wp-content\/uploads\/sites\/10\/2015\/07\/Oehler-Philipp-Rotkaeppchen.jpg 1801w, https:\/\/d.th-nuernberg.de\/foto\/wp-content\/uploads\/sites\/10\/2015\/07\/Oehler-Philipp-Rotkaeppchen-300x150.jpg 300w, https:\/\/d.th-nuernberg.de\/foto\/wp-content\/uploads\/sites\/10\/2015\/07\/Oehler-Philipp-Rotkaeppchen-1024x512.jpg 1024w, https:\/\/d.th-nuernberg.de\/foto\/wp-content\/uploads\/sites\/10\/2015\/07\/Oehler-Philipp-Rotkaeppchen-340x170.jpg 340w, https:\/\/d.th-nuernberg.de\/foto\/wp-content\/uploads\/sites\/10\/2015\/07\/Oehler-Philipp-Rotkaeppchen-1100x550.jpg 1100w, https:\/\/d.th-nuernberg.de\/foto\/wp-content\/uploads\/sites\/10\/2015\/07\/Oehler-Philipp-Rotkaeppchen-840x420.jpg 840w, https:\/\/d.th-nuernberg.de\/foto\/wp-content\/uploads\/sites\/10\/2015\/07\/Oehler-Philipp-Rotkaeppchen-360x180.jpg 360w\" sizes=\"(max-width: 1801px) 100vw, 1801px\" \/><p id=\"caption-attachment-501\" class=\"wp-caption-text\">Philipp Oehler &#8211; Rotkaeppchen<\/p><\/div>\n<p>&nbsp;<\/p>\n<div id=\"attachment_489\" style=\"width: 1541px\" class=\"wp-caption aligncenter\"><img loading=\"lazy\" decoding=\"async\" aria-describedby=\"caption-attachment-489\" class=\"wp-image-489 size-full\" src=\"https:\/\/d.th-nuernberg.de\/foto\/wp-content\/uploads\/sites\/10\/2015\/07\/Buehler-Felix-Dornroeschen.jpg\" alt=\"Buehler-Felix-Dornroeschen\" width=\"1541\" height=\"900\" srcset=\"https:\/\/d.th-nuernberg.de\/foto\/wp-content\/uploads\/sites\/10\/2015\/07\/Buehler-Felix-Dornroeschen.jpg 1541w, https:\/\/d.th-nuernberg.de\/foto\/wp-content\/uploads\/sites\/10\/2015\/07\/Buehler-Felix-Dornroeschen-300x175.jpg 300w, https:\/\/d.th-nuernberg.de\/foto\/wp-content\/uploads\/sites\/10\/2015\/07\/Buehler-Felix-Dornroeschen-1024x598.jpg 1024w, https:\/\/d.th-nuernberg.de\/foto\/wp-content\/uploads\/sites\/10\/2015\/07\/Buehler-Felix-Dornroeschen-340x199.jpg 340w, https:\/\/d.th-nuernberg.de\/foto\/wp-content\/uploads\/sites\/10\/2015\/07\/Buehler-Felix-Dornroeschen-1100x642.jpg 1100w, https:\/\/d.th-nuernberg.de\/foto\/wp-content\/uploads\/sites\/10\/2015\/07\/Buehler-Felix-Dornroeschen-840x491.jpg 840w, https:\/\/d.th-nuernberg.de\/foto\/wp-content\/uploads\/sites\/10\/2015\/07\/Buehler-Felix-Dornroeschen-308x180.jpg 308w\" sizes=\"(max-width: 1541px) 100vw, 1541px\" \/><p id=\"caption-attachment-489\" class=\"wp-caption-text\">Felix B\u00fchler &#8211; Dornroeschen<\/p><\/div>\n<p>&nbsp;<\/p>\n<div id=\"attachment_491\" style=\"width: 700px\" class=\"wp-caption aligncenter\"><img loading=\"lazy\" decoding=\"async\" aria-describedby=\"caption-attachment-491\" class=\"wp-image-491 size-full\" src=\"https:\/\/d.th-nuernberg.de\/foto\/wp-content\/uploads\/sites\/10\/2015\/07\/Franke-Anselm-Sieben-auf-einen-Streich.jpg\" alt=\"Franke-Anselm-Sieben-auf-einen-Streich\" width=\"700\" height=\"900\" srcset=\"https:\/\/d.th-nuernberg.de\/foto\/wp-content\/uploads\/sites\/10\/2015\/07\/Franke-Anselm-Sieben-auf-einen-Streich.jpg 700w, https:\/\/d.th-nuernberg.de\/foto\/wp-content\/uploads\/sites\/10\/2015\/07\/Franke-Anselm-Sieben-auf-einen-Streich-233x300.jpg 233w, https:\/\/d.th-nuernberg.de\/foto\/wp-content\/uploads\/sites\/10\/2015\/07\/Franke-Anselm-Sieben-auf-einen-Streich-340x437.jpg 340w, https:\/\/d.th-nuernberg.de\/foto\/wp-content\/uploads\/sites\/10\/2015\/07\/Franke-Anselm-Sieben-auf-einen-Streich-140x180.jpg 140w\" sizes=\"(max-width: 700px) 100vw, 700px\" \/><p id=\"caption-attachment-491\" class=\"wp-caption-text\">Anselm Franke &#8211; Das tapfere Schneiderlein<\/p><\/div>\n<p>&nbsp;<\/p>\n<div id=\"attachment_505\" style=\"width: 916px\" class=\"wp-caption aligncenter\"><img loading=\"lazy\" decoding=\"async\" aria-describedby=\"caption-attachment-505\" class=\"wp-image-505 size-full\" src=\"https:\/\/d.th-nuernberg.de\/foto\/wp-content\/uploads\/sites\/10\/2015\/07\/Stengel-Ludwig-7-raben.jpg\" alt=\"Stengel-Ludwig-7-raben\" width=\"916\" height=\"900\" srcset=\"https:\/\/d.th-nuernberg.de\/foto\/wp-content\/uploads\/sites\/10\/2015\/07\/Stengel-Ludwig-7-raben.jpg 916w, https:\/\/d.th-nuernberg.de\/foto\/wp-content\/uploads\/sites\/10\/2015\/07\/Stengel-Ludwig-7-raben-300x295.jpg 300w, https:\/\/d.th-nuernberg.de\/foto\/wp-content\/uploads\/sites\/10\/2015\/07\/Stengel-Ludwig-7-raben-340x334.jpg 340w, https:\/\/d.th-nuernberg.de\/foto\/wp-content\/uploads\/sites\/10\/2015\/07\/Stengel-Ludwig-7-raben-840x825.jpg 840w, https:\/\/d.th-nuernberg.de\/foto\/wp-content\/uploads\/sites\/10\/2015\/07\/Stengel-Ludwig-7-raben-183x180.jpg 183w, https:\/\/d.th-nuernberg.de\/foto\/wp-content\/uploads\/sites\/10\/2015\/07\/Stengel-Ludwig-7-raben-50x50.jpg 50w\" sizes=\"(max-width: 916px) 100vw, 916px\" \/><p id=\"caption-attachment-505\" class=\"wp-caption-text\">Ludwig Stengel -Die sieben Raben<\/p><\/div>\n<p>&nbsp;<\/p>\n<div id=\"attachment_499\" style=\"width: 576px\" class=\"wp-caption aligncenter\"><img loading=\"lazy\" decoding=\"async\" aria-describedby=\"caption-attachment-499\" class=\"wp-image-499 size-full\" src=\"https:\/\/d.th-nuernberg.de\/foto\/wp-content\/uploads\/sites\/10\/2015\/07\/Langer-Helena-Koenig-Drosselbart.jpg\" alt=\"Langer-Helena-Koenig-Drosselbart\" width=\"576\" height=\"900\" srcset=\"https:\/\/d.th-nuernberg.de\/foto\/wp-content\/uploads\/sites\/10\/2015\/07\/Langer-Helena-Koenig-Drosselbart.jpg 576w, https:\/\/d.th-nuernberg.de\/foto\/wp-content\/uploads\/sites\/10\/2015\/07\/Langer-Helena-Koenig-Drosselbart-192x300.jpg 192w, https:\/\/d.th-nuernberg.de\/foto\/wp-content\/uploads\/sites\/10\/2015\/07\/Langer-Helena-Koenig-Drosselbart-340x531.jpg 340w, https:\/\/d.th-nuernberg.de\/foto\/wp-content\/uploads\/sites\/10\/2015\/07\/Langer-Helena-Koenig-Drosselbart-115x180.jpg 115w\" sizes=\"(max-width: 576px) 100vw, 576px\" \/><p id=\"caption-attachment-499\" class=\"wp-caption-text\">Helena Langer &#8211; Koenig Drosselbart<\/p><\/div>\n<p>&nbsp;<\/p>\n<div id=\"attachment_503\" style=\"width: 1349px\" class=\"wp-caption aligncenter\"><img loading=\"lazy\" decoding=\"async\" aria-describedby=\"caption-attachment-503\" class=\"wp-image-503 size-full\" src=\"https:\/\/d.th-nuernberg.de\/foto\/wp-content\/uploads\/sites\/10\/2015\/07\/Sordon-Stefanie-Die-7-Raben.jpg\" alt=\"Sordon-Stefanie\" width=\"1349\" height=\"900\" srcset=\"https:\/\/d.th-nuernberg.de\/foto\/wp-content\/uploads\/sites\/10\/2015\/07\/Sordon-Stefanie-Die-7-Raben.jpg 1349w, https:\/\/d.th-nuernberg.de\/foto\/wp-content\/uploads\/sites\/10\/2015\/07\/Sordon-Stefanie-Die-7-Raben-300x200.jpg 300w, https:\/\/d.th-nuernberg.de\/foto\/wp-content\/uploads\/sites\/10\/2015\/07\/Sordon-Stefanie-Die-7-Raben-1024x683.jpg 1024w, https:\/\/d.th-nuernberg.de\/foto\/wp-content\/uploads\/sites\/10\/2015\/07\/Sordon-Stefanie-Die-7-Raben-340x227.jpg 340w, https:\/\/d.th-nuernberg.de\/foto\/wp-content\/uploads\/sites\/10\/2015\/07\/Sordon-Stefanie-Die-7-Raben-1100x734.jpg 1100w, https:\/\/d.th-nuernberg.de\/foto\/wp-content\/uploads\/sites\/10\/2015\/07\/Sordon-Stefanie-Die-7-Raben-840x560.jpg 840w, https:\/\/d.th-nuernberg.de\/foto\/wp-content\/uploads\/sites\/10\/2015\/07\/Sordon-Stefanie-Die-7-Raben-270x180.jpg 270w\" sizes=\"(max-width: 1349px) 100vw, 1349px\" \/><p id=\"caption-attachment-503\" class=\"wp-caption-text\">Stefanie Sordon &#8211; Die sieben Raben<\/p><\/div>\n<p>&nbsp;<\/p>\n<div id=\"attachment_487\" style=\"width: 1350px\" class=\"wp-caption aligncenter\"><img loading=\"lazy\" decoding=\"async\" aria-describedby=\"caption-attachment-487\" class=\"wp-image-487 size-full\" src=\"https:\/\/d.th-nuernberg.de\/foto\/wp-content\/uploads\/sites\/10\/2015\/07\/Baumeister-Kimberly-Sterntaler.jpg\" alt=\"Baumeister-Kimberly-Sterntaler\" width=\"1350\" height=\"900\" srcset=\"https:\/\/d.th-nuernberg.de\/foto\/wp-content\/uploads\/sites\/10\/2015\/07\/Baumeister-Kimberly-Sterntaler.jpg 1350w, https:\/\/d.th-nuernberg.de\/foto\/wp-content\/uploads\/sites\/10\/2015\/07\/Baumeister-Kimberly-Sterntaler-300x200.jpg 300w, https:\/\/d.th-nuernberg.de\/foto\/wp-content\/uploads\/sites\/10\/2015\/07\/Baumeister-Kimberly-Sterntaler-1024x683.jpg 1024w, https:\/\/d.th-nuernberg.de\/foto\/wp-content\/uploads\/sites\/10\/2015\/07\/Baumeister-Kimberly-Sterntaler-340x227.jpg 340w, https:\/\/d.th-nuernberg.de\/foto\/wp-content\/uploads\/sites\/10\/2015\/07\/Baumeister-Kimberly-Sterntaler-1100x733.jpg 1100w, https:\/\/d.th-nuernberg.de\/foto\/wp-content\/uploads\/sites\/10\/2015\/07\/Baumeister-Kimberly-Sterntaler-840x560.jpg 840w, https:\/\/d.th-nuernberg.de\/foto\/wp-content\/uploads\/sites\/10\/2015\/07\/Baumeister-Kimberly-Sterntaler-270x180.jpg 270w\" sizes=\"(max-width: 1350px) 100vw, 1350px\" \/><p id=\"caption-attachment-487\" class=\"wp-caption-text\">Kimberly Baumeister &#8211; Sterntaler<\/p><\/div>\n<p>&nbsp;<\/p>\n<div id=\"attachment_492\" style=\"width: 902px\" class=\"wp-caption aligncenter\"><img loading=\"lazy\" decoding=\"async\" aria-describedby=\"caption-attachment-492\" class=\"wp-image-492 size-full\" src=\"https:\/\/d.th-nuernberg.de\/foto\/wp-content\/uploads\/sites\/10\/2015\/07\/Gietl-Franziska-Frau-Holle.jpg\" alt=\"Gietl-Franziska-Frau-Holle\" width=\"902\" height=\"900\" srcset=\"https:\/\/d.th-nuernberg.de\/foto\/wp-content\/uploads\/sites\/10\/2015\/07\/Gietl-Franziska-Frau-Holle.jpg 902w, https:\/\/d.th-nuernberg.de\/foto\/wp-content\/uploads\/sites\/10\/2015\/07\/Gietl-Franziska-Frau-Holle-150x150.jpg 150w, https:\/\/d.th-nuernberg.de\/foto\/wp-content\/uploads\/sites\/10\/2015\/07\/Gietl-Franziska-Frau-Holle-300x300.jpg 300w, https:\/\/d.th-nuernberg.de\/foto\/wp-content\/uploads\/sites\/10\/2015\/07\/Gietl-Franziska-Frau-Holle-340x339.jpg 340w, https:\/\/d.th-nuernberg.de\/foto\/wp-content\/uploads\/sites\/10\/2015\/07\/Gietl-Franziska-Frau-Holle-840x838.jpg 840w, https:\/\/d.th-nuernberg.de\/foto\/wp-content\/uploads\/sites\/10\/2015\/07\/Gietl-Franziska-Frau-Holle-180x180.jpg 180w, https:\/\/d.th-nuernberg.de\/foto\/wp-content\/uploads\/sites\/10\/2015\/07\/Gietl-Franziska-Frau-Holle-50x50.jpg 50w\" sizes=\"(max-width: 902px) 100vw, 902px\" \/><p id=\"caption-attachment-492\" class=\"wp-caption-text\">Franziska Gietl &#8211; Frau Holle<\/p><\/div>\n<p>&nbsp;<\/p>\n<div id=\"attachment_507\" style=\"width: 1349px\" class=\"wp-caption aligncenter\"><img loading=\"lazy\" decoding=\"async\" aria-describedby=\"caption-attachment-507\" class=\"wp-image-507 size-full\" src=\"https:\/\/d.th-nuernberg.de\/foto\/wp-content\/uploads\/sites\/10\/2015\/07\/Zellner-Alisa-Schneeweisschen-und-Rosenrot.jpg\" alt=\"Zellner-Alisa-Schneeweisschen-und-Rosenrot\" width=\"1349\" height=\"900\" srcset=\"https:\/\/d.th-nuernberg.de\/foto\/wp-content\/uploads\/sites\/10\/2015\/07\/Zellner-Alisa-Schneeweisschen-und-Rosenrot.jpg 1349w, https:\/\/d.th-nuernberg.de\/foto\/wp-content\/uploads\/sites\/10\/2015\/07\/Zellner-Alisa-Schneeweisschen-und-Rosenrot-300x200.jpg 300w, https:\/\/d.th-nuernberg.de\/foto\/wp-content\/uploads\/sites\/10\/2015\/07\/Zellner-Alisa-Schneeweisschen-und-Rosenrot-1024x683.jpg 1024w, https:\/\/d.th-nuernberg.de\/foto\/wp-content\/uploads\/sites\/10\/2015\/07\/Zellner-Alisa-Schneeweisschen-und-Rosenrot-340x227.jpg 340w, https:\/\/d.th-nuernberg.de\/foto\/wp-content\/uploads\/sites\/10\/2015\/07\/Zellner-Alisa-Schneeweisschen-und-Rosenrot-1100x734.jpg 1100w, https:\/\/d.th-nuernberg.de\/foto\/wp-content\/uploads\/sites\/10\/2015\/07\/Zellner-Alisa-Schneeweisschen-und-Rosenrot-840x560.jpg 840w, https:\/\/d.th-nuernberg.de\/foto\/wp-content\/uploads\/sites\/10\/2015\/07\/Zellner-Alisa-Schneeweisschen-und-Rosenrot-270x180.jpg 270w\" sizes=\"(max-width: 1349px) 100vw, 1349px\" \/><p id=\"caption-attachment-507\" class=\"wp-caption-text\">Alisa Zellner &#8211; Schneewei\u00dfchen und Rosenrot<\/p><\/div>\n<p>&nbsp;<\/p>\n<div id=\"attachment_502\" style=\"width: 579px\" class=\"wp-caption aligncenter\"><img loading=\"lazy\" decoding=\"async\" aria-describedby=\"caption-attachment-502\" class=\"wp-image-502 size-full\" src=\"https:\/\/d.th-nuernberg.de\/foto\/wp-content\/uploads\/sites\/10\/2015\/07\/Scholz-Stefanie-Schneewittchenfinal.jpg\" alt=\"Scholz-Stefanie-Schneewittchenfinal\" width=\"579\" height=\"900\" srcset=\"https:\/\/d.th-nuernberg.de\/foto\/wp-content\/uploads\/sites\/10\/2015\/07\/Scholz-Stefanie-Schneewittchenfinal.jpg 579w, https:\/\/d.th-nuernberg.de\/foto\/wp-content\/uploads\/sites\/10\/2015\/07\/Scholz-Stefanie-Schneewittchenfinal-193x300.jpg 193w, https:\/\/d.th-nuernberg.de\/foto\/wp-content\/uploads\/sites\/10\/2015\/07\/Scholz-Stefanie-Schneewittchenfinal-340x528.jpg 340w, https:\/\/d.th-nuernberg.de\/foto\/wp-content\/uploads\/sites\/10\/2015\/07\/Scholz-Stefanie-Schneewittchenfinal-116x180.jpg 116w\" sizes=\"(max-width: 579px) 100vw, 579px\" \/><p id=\"caption-attachment-502\" class=\"wp-caption-text\">Stefanie Scholz &#8211; Schneewittchen<\/p><\/div>\n<p>&nbsp;<\/p>\n<div id=\"attachment_488\" style=\"width: 646px\" class=\"wp-caption aligncenter\"><img loading=\"lazy\" decoding=\"async\" aria-describedby=\"caption-attachment-488\" class=\"wp-image-488 size-full\" src=\"https:\/\/d.th-nuernberg.de\/foto\/wp-content\/uploads\/sites\/10\/2015\/07\/Birkner-Marielouise-Schneewittchen.jpg\" alt=\"Birkner-Marielouise-Schneewittchen\" width=\"646\" height=\"900\" srcset=\"https:\/\/d.th-nuernberg.de\/foto\/wp-content\/uploads\/sites\/10\/2015\/07\/Birkner-Marielouise-Schneewittchen.jpg 646w, https:\/\/d.th-nuernberg.de\/foto\/wp-content\/uploads\/sites\/10\/2015\/07\/Birkner-Marielouise-Schneewittchen-215x300.jpg 215w, https:\/\/d.th-nuernberg.de\/foto\/wp-content\/uploads\/sites\/10\/2015\/07\/Birkner-Marielouise-Schneewittchen-340x474.jpg 340w, https:\/\/d.th-nuernberg.de\/foto\/wp-content\/uploads\/sites\/10\/2015\/07\/Birkner-Marielouise-Schneewittchen-129x180.jpg 129w\" sizes=\"(max-width: 646px) 100vw, 646px\" \/><p id=\"caption-attachment-488\" class=\"wp-caption-text\">Marielouise Birkner &#8211; Schneewittchen<\/p><\/div>\n<p>&nbsp;<\/p>\n<div id=\"attachment_504\" style=\"width: 798px\" class=\"wp-caption aligncenter\"><img loading=\"lazy\" decoding=\"async\" aria-describedby=\"caption-attachment-504\" class=\"wp-image-504 size-full\" src=\"https:\/\/d.th-nuernberg.de\/foto\/wp-content\/uploads\/sites\/10\/2015\/07\/Standhaft-Marie-Lena.jpg\" alt=\"Marie Lena Standhaft Von dem M\u00e4uschen, V\u00f6gelchen und der Bratwurst\" width=\"798\" height=\"900\" srcset=\"https:\/\/d.th-nuernberg.de\/foto\/wp-content\/uploads\/sites\/10\/2015\/07\/Standhaft-Marie-Lena.jpg 798w, https:\/\/d.th-nuernberg.de\/foto\/wp-content\/uploads\/sites\/10\/2015\/07\/Standhaft-Marie-Lena-266x300.jpg 266w, https:\/\/d.th-nuernberg.de\/foto\/wp-content\/uploads\/sites\/10\/2015\/07\/Standhaft-Marie-Lena-340x383.jpg 340w, https:\/\/d.th-nuernberg.de\/foto\/wp-content\/uploads\/sites\/10\/2015\/07\/Standhaft-Marie-Lena-160x180.jpg 160w\" sizes=\"(max-width: 798px) 100vw, 798px\" \/><p id=\"caption-attachment-504\" class=\"wp-caption-text\">Marie Lena Standhaft &#8211; Von dem M\u00e4uschen, V\u00f6gelchen und der Bratwurst<\/p><\/div>\n","protected":false},"excerpt":{"rendered":"<p>&nbsp; &nbsp; &nbsp; &nbsp; &nbsp; &nbsp; &nbsp; &nbsp; &nbsp; &nbsp; &nbsp; &nbsp; &nbsp; &nbsp;<\/p>\n","protected":false},"author":9,"featured_media":493,"comment_status":"closed","ping_status":"closed","template":"","format":"standard","meta":{"jetpack_post_was_ever_published":false,"footnotes":"","jetpack_publicize_message":"","jetpack_publicize_feature_enabled":true,"jetpack_social_post_already_shared":true,"jetpack_social_options":{"image_generator_settings":{"template":"highway","default_image_id":0,"font":"","enabled":false},"version":2}},"jetpack-portfolio-type":[5],"jetpack-portfolio-tag":[57,11,58,61,59,60],"class_list":["post-485","jetpack-portfolio","type-jetpack-portfolio","status-publish","format-standard","has-post-thumbnail","hentry","jetpack-portfolio-type-2-semester-wahrnehmen-analysieren-gestalten","jetpack-portfolio-tag-digitale-bildbearbeitung","jetpack-portfolio-tag-fotografie","jetpack-portfolio-tag-grimm","jetpack-portfolio-tag-interpretation","jetpack-portfolio-tag-maerchen","jetpack-portfolio-tag-modern","portfolio-entry"],"jetpack_publicize_connections":[],"jetpack_sharing_enabled":true,"_links":{"self":[{"href":"https:\/\/d.th-nuernberg.de\/foto\/wp-json\/wp\/v2\/jetpack-portfolio\/485","targetHints":{"allow":["GET"]}}],"collection":[{"href":"https:\/\/d.th-nuernberg.de\/foto\/wp-json\/wp\/v2\/jetpack-portfolio"}],"about":[{"href":"https:\/\/d.th-nuernberg.de\/foto\/wp-json\/wp\/v2\/types\/jetpack-portfolio"}],"author":[{"embeddable":true,"href":"https:\/\/d.th-nuernberg.de\/foto\/wp-json\/wp\/v2\/users\/9"}],"replies":[{"embeddable":true,"href":"https:\/\/d.th-nuernberg.de\/foto\/wp-json\/wp\/v2\/comments?post=485"}],"version-history":[{"count":1,"href":"https:\/\/d.th-nuernberg.de\/foto\/wp-json\/wp\/v2\/jetpack-portfolio\/485\/revisions"}],"predecessor-version":[{"id":509,"href":"https:\/\/d.th-nuernberg.de\/foto\/wp-json\/wp\/v2\/jetpack-portfolio\/485\/revisions\/509"}],"wp:featuredmedia":[{"embeddable":true,"href":"https:\/\/d.th-nuernberg.de\/foto\/wp-json\/wp\/v2\/media\/493"}],"wp:attachment":[{"href":"https:\/\/d.th-nuernberg.de\/foto\/wp-json\/wp\/v2\/media?parent=485"}],"wp:term":[{"taxonomy":"jetpack-portfolio-type","embeddable":true,"href":"https:\/\/d.th-nuernberg.de\/foto\/wp-json\/wp\/v2\/jetpack-portfolio-type?post=485"},{"taxonomy":"jetpack-portfolio-tag","embeddable":true,"href":"https:\/\/d.th-nuernberg.de\/foto\/wp-json\/wp\/v2\/jetpack-portfolio-tag?post=485"}],"curies":[{"name":"wp","href":"https:\/\/api.w.org\/{rel}","templated":true}]}}