{"id":72,"date":"2017-12-06T09:28:51","date_gmt":"2017-12-06T08:28:51","guid":{"rendered":"https:\/\/d.th-nuernberg.de\/film\/?page_id=72"},"modified":"2018-05-22T16:35:33","modified_gmt":"2018-05-22T14:35:33","slug":"steve-wuehr","status":"publish","type":"page","link":"https:\/\/d.th-nuernberg.de\/film\/info\/team\/steve-wuehr\/","title":{"rendered":"Steve W\u00fchr"},"content":{"rendered":"<p><strong>Verantwortlich f\u00fcr Sound Design<\/strong><\/p>\n<p>Stefan W\u00fchr hat an der Technischen Hochschule N\u00fcrnberg Georg Simon Ohm studiert und diese erfolgreich als Diplommediendesigner abgeschlossen. Als Schwerpunkt hatte er das Studienfach &#8222;Film &amp; Animation&#8220; belegt und sich innerhalb des Moduls haupts\u00e4chlich auf Sound spezialisiert. Sein Praktikum absolvierte er bei Audiovisions in M\u00fcnchen (Tonstudio). Nach dem Studium arbeitete er bei ercas. die agentur in Erlangen als Grafikdesigner.<\/p>\n<p>Seit 2012 ist er Lehrassistent an der Technischen Hochschule und freiberuflicher Musiker, Komponist und Sounddesigner. Stefan W\u00fchr ist bei allen Fragen rund um das Thema Audioproduktion der erste Ansprechpartner f\u00fcr die Studierenden.<\/p>\n","protected":false},"excerpt":{"rendered":"<p>Verantwortlich f\u00fcr Sound Design Stefan W\u00fchr hat an der Technischen Hochschule N\u00fcrnberg Georg Simon Ohm studiert und diese erfolgreich als Diplommediendesigner abgeschlossen. Als Schwerpunkt hatte er das Studienfach &#8222;Film &amp; Animation&#8220; belegt und sich innerhalb des Moduls haupts\u00e4chlich auf Sound spezialisiert. Sein Praktikum absolvierte er bei Audiovisions in M\u00fcnchen (Tonstudio). Nach dem Studium arbeitete er&hellip;<\/p>\n","protected":false},"author":1,"featured_media":0,"parent":76,"menu_order":30,"comment_status":"closed","ping_status":"closed","template":"","meta":{"footnotes":""},"class_list":["post-72","page","type-page","status-publish","hentry","empty-entry-meta"],"jetpack_sharing_enabled":true,"_links":{"self":[{"href":"https:\/\/d.th-nuernberg.de\/film\/wp-json\/wp\/v2\/pages\/72","targetHints":{"allow":["GET"]}}],"collection":[{"href":"https:\/\/d.th-nuernberg.de\/film\/wp-json\/wp\/v2\/pages"}],"about":[{"href":"https:\/\/d.th-nuernberg.de\/film\/wp-json\/wp\/v2\/types\/page"}],"author":[{"embeddable":true,"href":"https:\/\/d.th-nuernberg.de\/film\/wp-json\/wp\/v2\/users\/1"}],"replies":[{"embeddable":true,"href":"https:\/\/d.th-nuernberg.de\/film\/wp-json\/wp\/v2\/comments?post=72"}],"version-history":[{"count":3,"href":"https:\/\/d.th-nuernberg.de\/film\/wp-json\/wp\/v2\/pages\/72\/revisions"}],"predecessor-version":[{"id":170,"href":"https:\/\/d.th-nuernberg.de\/film\/wp-json\/wp\/v2\/pages\/72\/revisions\/170"}],"up":[{"embeddable":true,"href":"https:\/\/d.th-nuernberg.de\/film\/wp-json\/wp\/v2\/pages\/76"}],"wp:attachment":[{"href":"https:\/\/d.th-nuernberg.de\/film\/wp-json\/wp\/v2\/media?parent=72"}],"curies":[{"name":"wp","href":"https:\/\/api.w.org\/{rel}","templated":true}]}}